{"id":782,"date":"2025-08-30T17:54:54","date_gmt":"2025-08-30T15:54:54","guid":{"rendered":"https:\/\/www.gasthof-steckholzer.at\/albergo-le-nostre-camere\/"},"modified":"2025-12-30T12:25:17","modified_gmt":"2025-12-30T11:25:17","slug":"albergo-le-nostre-camere","status":"publish","type":"page","link":"https:\/\/www.gasthof-steckholzer.at\/it\/albergo-le-nostre-camere\/","title":{"rendered":"ALBERGO: LE NOSTRE CAMERE"},"content":{"rendered":"<p><div class=\"fusion-fullwidth fullwidth-box fusion-builder-row-1 fusion-flex-container has-pattern-background has-mask-background hundred-percent-fullwidth non-hundred-percent-height-scrolling\" style=\"--awb-border-radius-top-left:0px;--awb-border-radius-top-right:0px;--awb-border-radius-bottom-right:0px;--awb-border-radius-bottom-left:0px;--awb-padding-right:18%;--awb-padding-left:18%;--awb-padding-right-medium:12%;--awb-padding-left-medium:12%;--awb-padding-right-small:3%;--awb-padding-left-small:3%;--awb-background-color:#ffffff;--awb-flex-wrap:wrap;\" ><div class=\"fusion-builder-row fusion-row fusion-flex-align-items-flex-start fusion-flex-content-wrap\" style=\"width:104% !important;max-width:104% !important;margin-left: calc(-4% \/ 2 );margin-right: calc(-4% \/ 2 );\"><div class=\"fusion-layout-column fusion_builder_column fusion-builder-column-0 fusion_builder_column_1_1 1_1 fusion-flex-column\" style=\"--awb-bg-size:cover;--awb-width-large:100%;--awb-margin-top-large:0px;--awb-spacing-right-large:1.92%;--awb-margin-bottom-large:0px;--awb-spacing-left-large:1.92%;--awb-width-medium:100%;--awb-order-medium:0;--awb-spacing-right-medium:1.92%;--awb-spacing-left-medium:1.92%;--awb-width-small:100%;--awb-order-small:0;--awb-spacing-right-small:1.92%;--awb-spacing-left-small:1.92%;\" data-scroll-devices=\"small-visibility,medium-visibility,large-visibility\"><div class=\"fusion-column-wrapper fusion-column-has-shadow fusion-flex-justify-content-flex-start fusion-content-layout-column\"><div class=\"fusion-separator fusion-full-width-sep\" style=\"align-self: center;margin-left: auto;margin-right: auto;margin-bottom:5%;width:100%;\"><\/div><div class=\"fusion-title title fusion-title-1 fusion-sep-none fusion-title-center fusion-title-text fusion-title-size-one\" style=\"--awb-margin-top:0%;--awb-margin-bottom:0%;--awb-margin-top-small:10px;--awb-margin-right-small:0px;--awb-margin-bottom-small:10px;--awb-margin-left-small:0px;\"><h1 class=\"fusion-title-heading title-heading-center fusion-responsive-typography-calculated\" style=\"margin:0;--fontSize:25;line-height:1.4;\">CAMERE DA LETTO CON UN TOCCO ALPINO<\/h1><\/div><div class=\"fusion-title title fusion-title-2 fusion-sep-none fusion-title-center fusion-title-text fusion-title-size-two\" style=\"--awb-margin-top-small:10px;--awb-margin-right-small:0px;--awb-margin-bottom-small:10px;--awb-margin-left-small:0px;\"><h2 class=\"fusion-title-heading title-heading-center fusion-responsive-typography-calculated\" style=\"margin:0;--fontSize:55;line-height:1.18;\">PER DORMIRE DIVINAMENTE<br \/>\nAD ALTA QUOTA<\/h2><\/div><div class=\"fusion-separator fusion-full-width-sep\" style=\"align-self: center;margin-left: auto;margin-right: auto;margin-bottom:3%;width:100%;\"><\/div><div class=\"fusion-text fusion-text-1\"><p style=\"text-align: center;\">Nella nostra struttura ogni camera \u00e8 unica e accogliente, pensata per farvi sentire immediatamente a vostro agio. Disponiamo di un numero limitato di camere: una scelta voluta, che ci permette di offrire un\u2019atmosfera intima, silenziosa e rilassante. Un rifugio dove arrivare, rallentare il ritmo e ritrovare il vero riposo.<\/p>\n<p style=\"text-align: center;\">Accomodatevi, lasciatevi avvolgere dal calore del legno e dalla tranquillit\u00e0 della montagna. Qui, il sonno \u00e8 davvero rigenerante.<\/p>\n<\/div><div class=\"fusion-separator fusion-full-width-sep\" style=\"align-self: center;margin-left: auto;margin-right: auto;margin-bottom:1%;width:100%;\"><\/div><div style=\"text-align:center;\"><a class=\"fusion-button button-flat button-medium button-default fusion-button-default button-1 fusion-button-default-span fusion-button-default-type\" style=\"--button-border-radius-top-left:0;--button-border-radius-top-right:0;--button-border-radius-bottom-right:0;--button-border-radius-bottom-left:0;\" target=\"_self\" href=\"#informazioni-importanti\"><span class=\"fusion-button-text awb-button__text awb-button__text--default\">INFORMAZIONI IMPORTANTI<\/span><\/a><\/div><div class=\"fusion-separator fusion-full-width-sep\" style=\"align-self: center;margin-left: auto;margin-right: auto;margin-bottom:4%;width:100%;\"><\/div><\/div><\/div><\/div><\/div><div class=\"fusion-fullwidth fullwidth-box fusion-builder-row-2 fusion-flex-container has-pattern-background has-mask-background hundred-percent-fullwidth non-hundred-percent-height-scrolling\" style=\"--awb-border-sizes-top:0%;--awb-border-radius-top-left:0px;--awb-border-radius-top-right:0px;--awb-border-radius-bottom-right:0px;--awb-border-radius-bottom-left:0px;--awb-padding-top:0%;--awb-padding-right:18%;--awb-padding-left:18%;--awb-padding-top-medium:0%;--awb-padding-right-medium:12%;--awb-padding-left-medium:12%;--awb-padding-top-small:0%;--awb-padding-right-small:3%;--awb-padding-left-small:3%;--awb-margin-top:0%;--awb-margin-bottom:3%;--awb-margin-top-medium:0%;--awb-margin-top-small:0%;--awb-background-color:#ffffff;--awb-flex-wrap:wrap;\" ><div class=\"fusion-builder-row fusion-row fusion-flex-align-items-flex-start fusion-flex-content-wrap\" style=\"width:104% !important;max-width:104% !important;margin-left: calc(-4% \/ 2 );margin-right: calc(-4% \/ 2 );\"><div class=\"fusion-layout-column fusion_builder_column fusion-builder-column-1 fusion_builder_column_1_1 1_1 fusion-flex-column\" style=\"--awb-padding-top:0%;--awb-padding-right:0%;--awb-padding-bottom:0%;--awb-padding-left:0%;--awb-padding-top-medium:0%;--awb-padding-right-medium:0%;--awb-padding-bottom-medium:0%;--awb-padding-left-medium:0%;--awb-padding-top-small:0%;--awb-padding-right-small:0%;--awb-padding-bottom-small:0%;--awb-padding-left-small:0%;--awb-bg-color:var(--awb-color4);--awb-bg-color-hover:var(--awb-color4);--awb-bg-size:cover;--awb-width-large:100%;--awb-margin-top-large:0%;--awb-spacing-right-large:1.92%;--awb-margin-bottom-large:0%;--awb-spacing-left-large:1.92%;--awb-width-medium:100%;--awb-order-medium:0;--awb-margin-top-medium:0%;--awb-spacing-right-medium:1.92%;--awb-margin-bottom-medium:0%;--awb-spacing-left-medium:1.92%;--awb-width-small:100%;--awb-order-small:0;--awb-margin-top-small:0%;--awb-spacing-right-small:1.92%;--awb-margin-bottom-small:0%;--awb-spacing-left-small:1.92%;\" data-scroll-devices=\"small-visibility,medium-visibility,large-visibility\"><div class=\"fusion-column-wrapper fusion-column-has-shadow fusion-flex-justify-content-flex-start fusion-content-layout-column\"><div class=\"fusion-image-carousel fusion-image-carousel-auto fusion-image-carousel-1\" style=\"margin-top:0%;margin-right:0%;margin-left:0%;\"><div class=\"awb-carousel awb-swiper awb-swiper-carousel awb-carousel--carousel awb-swiper-dots-position-bottom\" data-layout=\"carousel\" data-autoplay=\"no\" data-autoplayspeed=\"1000\" data-autoplaypause=\"no\" data-columns=\"1\" data-columnsmedium=\"1\" data-columnssmall=\"1\" data-itemmargin=\"0\" data-itemwidth=\"180\" data-touchscroll=\"no\" data-freemode=\"no\" data-imagesize=\"auto\" data-scrollitems=\"0\" data-centeredslides=\"no\" data-rotationangle=\"50\" data-depth=\"100\" data-speed=\"500\" data-shadow=\"no\" data-pagination=\"bullets\" style=\"--awb-columns:1;--awb-column-spacing:0px;\"><div class=\"swiper-wrapper awb-image-carousel-wrapper fusion-flex-align-items-flex-start\"><div class=\"swiper-slide\"><div class=\"fusion-carousel-item-wrapper\"><div class=\"fusion-image-wrapper hover-type-none\"><img decoding=\"async\" width=\"1920\" height=\"950\" src=\"https:\/\/www.gasthof-steckholzer.at\/wp-content\/uploads\/2025\/08\/berggasthof-steckholzer-doppelzimmer-schraegezaun-interior-altholz.jpg\" class=\"attachment-full size-full\" alt=\"berggasthof-steckholzer-doppelzimmer-schraegezaun-interior-altholz\" srcset=\"https:\/\/www.gasthof-steckholzer.at\/wp-content\/uploads\/2025\/08\/berggasthof-steckholzer-doppelzimmer-schraegezaun-interior-altholz-200x99.jpg 200w, https:\/\/www.gasthof-steckholzer.at\/wp-content\/uploads\/2025\/08\/berggasthof-steckholzer-doppelzimmer-schraegezaun-interior-altholz-300x148.jpg 300w, https:\/\/www.gasthof-steckholzer.at\/wp-content\/uploads\/2025\/08\/berggasthof-steckholzer-doppelzimmer-schraegezaun-interior-altholz-400x198.jpg 400w, https:\/\/www.gasthof-steckholzer.at\/wp-content\/uploads\/2025\/08\/berggasthof-steckholzer-doppelzimmer-schraegezaun-interior-altholz-600x297.jpg 600w, https:\/\/www.gasthof-steckholzer.at\/wp-content\/uploads\/2025\/08\/berggasthof-steckholzer-doppelzimmer-schraegezaun-interior-altholz-768x380.jpg 768w, https:\/\/www.gasthof-steckholzer.at\/wp-content\/uploads\/2025\/08\/berggasthof-steckholzer-doppelzimmer-schraegezaun-interior-altholz-800x396.jpg 800w, https:\/\/www.gasthof-steckholzer.at\/wp-content\/uploads\/2025\/08\/berggasthof-steckholzer-doppelzimmer-schraegezaun-interior-altholz-1024x507.jpg 1024w, https:\/\/www.gasthof-steckholzer.at\/wp-content\/uploads\/2025\/08\/berggasthof-steckholzer-doppelzimmer-schraegezaun-interior-altholz-1200x594.jpg 1200w, https:\/\/www.gasthof-steckholzer.at\/wp-content\/uploads\/2025\/08\/berggasthof-steckholzer-doppelzimmer-schraegezaun-interior-altholz-1536x760.jpg 1536w, https:\/\/www.gasthof-steckholzer.at\/wp-content\/uploads\/2025\/08\/berggasthof-steckholzer-doppelzimmer-schraegezaun-interior-altholz.jpg 1920w\" sizes=\"(max-width: 1920px) 100vw, 1920px\" \/><\/div><\/div><\/div><div class=\"swiper-slide\"><div class=\"fusion-carousel-item-wrapper\"><div class=\"fusion-image-wrapper hover-type-none\"><img decoding=\"async\" width=\"1920\" height=\"950\" src=\"https:\/\/www.gasthof-steckholzer.at\/wp-content\/uploads\/2025\/08\/berggasthof-steckholzer-doppelzimmer-detail-close-up-bett.jpg\" class=\"attachment-full size-full\" alt=\"berggasthof-steckholzer-doppelzimmer-detail-close-up-bett\" srcset=\"https:\/\/www.gasthof-steckholzer.at\/wp-content\/uploads\/2025\/08\/berggasthof-steckholzer-doppelzimmer-detail-close-up-bett-200x99.jpg 200w, https:\/\/www.gasthof-steckholzer.at\/wp-content\/uploads\/2025\/08\/berggasthof-steckholzer-doppelzimmer-detail-close-up-bett-300x148.jpg 300w, https:\/\/www.gasthof-steckholzer.at\/wp-content\/uploads\/2025\/08\/berggasthof-steckholzer-doppelzimmer-detail-close-up-bett-400x198.jpg 400w, https:\/\/www.gasthof-steckholzer.at\/wp-content\/uploads\/2025\/08\/berggasthof-steckholzer-doppelzimmer-detail-close-up-bett-600x297.jpg 600w, https:\/\/www.gasthof-steckholzer.at\/wp-content\/uploads\/2025\/08\/berggasthof-steckholzer-doppelzimmer-detail-close-up-bett-768x380.jpg 768w, https:\/\/www.gasthof-steckholzer.at\/wp-content\/uploads\/2025\/08\/berggasthof-steckholzer-doppelzimmer-detail-close-up-bett-800x396.jpg 800w, https:\/\/www.gasthof-steckholzer.at\/wp-content\/uploads\/2025\/08\/berggasthof-steckholzer-doppelzimmer-detail-close-up-bett-1024x507.jpg 1024w, https:\/\/www.gasthof-steckholzer.at\/wp-content\/uploads\/2025\/08\/berggasthof-steckholzer-doppelzimmer-detail-close-up-bett-1200x594.jpg 1200w, https:\/\/www.gasthof-steckholzer.at\/wp-content\/uploads\/2025\/08\/berggasthof-steckholzer-doppelzimmer-detail-close-up-bett-1536x760.jpg 1536w, https:\/\/www.gasthof-steckholzer.at\/wp-content\/uploads\/2025\/08\/berggasthof-steckholzer-doppelzimmer-detail-close-up-bett.jpg 1920w\" sizes=\"(max-width: 1920px) 100vw, 1920px\" \/><\/div><\/div><\/div><div class=\"swiper-slide\"><div class=\"fusion-carousel-item-wrapper\"><div class=\"fusion-image-wrapper hover-type-none\"><img decoding=\"async\" width=\"1920\" height=\"950\" src=\"https:\/\/www.gasthof-steckholzer.at\/wp-content\/uploads\/2025\/08\/berggasthof-steckholzer-doppelzimmer-almrose-badezimmer.jpg\" class=\"attachment-full size-full\" alt=\"berggasthof-steckholzer-doppelzimmer-almrose-badezimmer\" srcset=\"https:\/\/www.gasthof-steckholzer.at\/wp-content\/uploads\/2025\/08\/berggasthof-steckholzer-doppelzimmer-almrose-badezimmer-200x99.jpg 200w, https:\/\/www.gasthof-steckholzer.at\/wp-content\/uploads\/2025\/08\/berggasthof-steckholzer-doppelzimmer-almrose-badezimmer-300x148.jpg 300w, https:\/\/www.gasthof-steckholzer.at\/wp-content\/uploads\/2025\/08\/berggasthof-steckholzer-doppelzimmer-almrose-badezimmer-400x198.jpg 400w, https:\/\/www.gasthof-steckholzer.at\/wp-content\/uploads\/2025\/08\/berggasthof-steckholzer-doppelzimmer-almrose-badezimmer-600x297.jpg 600w, https:\/\/www.gasthof-steckholzer.at\/wp-content\/uploads\/2025\/08\/berggasthof-steckholzer-doppelzimmer-almrose-badezimmer-768x380.jpg 768w, https:\/\/www.gasthof-steckholzer.at\/wp-content\/uploads\/2025\/08\/berggasthof-steckholzer-doppelzimmer-almrose-badezimmer-800x396.jpg 800w, https:\/\/www.gasthof-steckholzer.at\/wp-content\/uploads\/2025\/08\/berggasthof-steckholzer-doppelzimmer-almrose-badezimmer-1024x507.jpg 1024w, https:\/\/www.gasthof-steckholzer.at\/wp-content\/uploads\/2025\/08\/berggasthof-steckholzer-doppelzimmer-almrose-badezimmer-1200x594.jpg 1200w, https:\/\/www.gasthof-steckholzer.at\/wp-content\/uploads\/2025\/08\/berggasthof-steckholzer-doppelzimmer-almrose-badezimmer-1536x760.jpg 1536w, https:\/\/www.gasthof-steckholzer.at\/wp-content\/uploads\/2025\/08\/berggasthof-steckholzer-doppelzimmer-almrose-badezimmer.jpg 1920w\" sizes=\"(max-width: 1920px) 100vw, 1920px\" \/><\/div><\/div><\/div><div class=\"swiper-slide\"><div class=\"fusion-carousel-item-wrapper\"><div class=\"fusion-image-wrapper hover-type-none\"><img decoding=\"async\" width=\"1920\" height=\"950\" src=\"https:\/\/www.gasthof-steckholzer.at\/wp-content\/uploads\/2025\/08\/berggasthof-steckholzer-doppelzimmer-almrose-interior-altholz.jpg\" class=\"attachment-full size-full\" alt=\"berggasthof-steckholzer-doppelzimmer-almrose-interior-altholz\" srcset=\"https:\/\/www.gasthof-steckholzer.at\/wp-content\/uploads\/2025\/08\/berggasthof-steckholzer-doppelzimmer-almrose-interior-altholz-200x99.jpg 200w, https:\/\/www.gasthof-steckholzer.at\/wp-content\/uploads\/2025\/08\/berggasthof-steckholzer-doppelzimmer-almrose-interior-altholz-300x148.jpg 300w, https:\/\/www.gasthof-steckholzer.at\/wp-content\/uploads\/2025\/08\/berggasthof-steckholzer-doppelzimmer-almrose-interior-altholz-400x198.jpg 400w, https:\/\/www.gasthof-steckholzer.at\/wp-content\/uploads\/2025\/08\/berggasthof-steckholzer-doppelzimmer-almrose-interior-altholz-600x297.jpg 600w, https:\/\/www.gasthof-steckholzer.at\/wp-content\/uploads\/2025\/08\/berggasthof-steckholzer-doppelzimmer-almrose-interior-altholz-768x380.jpg 768w, https:\/\/www.gasthof-steckholzer.at\/wp-content\/uploads\/2025\/08\/berggasthof-steckholzer-doppelzimmer-almrose-interior-altholz-800x396.jpg 800w, https:\/\/www.gasthof-steckholzer.at\/wp-content\/uploads\/2025\/08\/berggasthof-steckholzer-doppelzimmer-almrose-interior-altholz-1024x507.jpg 1024w, https:\/\/www.gasthof-steckholzer.at\/wp-content\/uploads\/2025\/08\/berggasthof-steckholzer-doppelzimmer-almrose-interior-altholz-1200x594.jpg 1200w, https:\/\/www.gasthof-steckholzer.at\/wp-content\/uploads\/2025\/08\/berggasthof-steckholzer-doppelzimmer-almrose-interior-altholz-1536x760.jpg 1536w, https:\/\/www.gasthof-steckholzer.at\/wp-content\/uploads\/2025\/08\/berggasthof-steckholzer-doppelzimmer-almrose-interior-altholz.jpg 1920w\" sizes=\"(max-width: 1920px) 100vw, 1920px\" \/><\/div><\/div><\/div><div class=\"swiper-slide\"><div class=\"fusion-carousel-item-wrapper\"><div class=\"fusion-image-wrapper hover-type-none\"><img decoding=\"async\" width=\"1920\" height=\"950\" src=\"https:\/\/www.gasthof-steckholzer.at\/wp-content\/uploads\/2025\/08\/berggasthof-steckholzer-doppelzimmer-schraegezaun-zimmerschluessel-herz.jpg\" class=\"attachment-full size-full\" alt=\"berggasthof-steckholzer-doppelzimmer-schraegezaun-zimmerschluessel-herz\" srcset=\"https:\/\/www.gasthof-steckholzer.at\/wp-content\/uploads\/2025\/08\/berggasthof-steckholzer-doppelzimmer-schraegezaun-zimmerschluessel-herz-200x99.jpg 200w, https:\/\/www.gasthof-steckholzer.at\/wp-content\/uploads\/2025\/08\/berggasthof-steckholzer-doppelzimmer-schraegezaun-zimmerschluessel-herz-300x148.jpg 300w, https:\/\/www.gasthof-steckholzer.at\/wp-content\/uploads\/2025\/08\/berggasthof-steckholzer-doppelzimmer-schraegezaun-zimmerschluessel-herz-400x198.jpg 400w, https:\/\/www.gasthof-steckholzer.at\/wp-content\/uploads\/2025\/08\/berggasthof-steckholzer-doppelzimmer-schraegezaun-zimmerschluessel-herz-600x297.jpg 600w, https:\/\/www.gasthof-steckholzer.at\/wp-content\/uploads\/2025\/08\/berggasthof-steckholzer-doppelzimmer-schraegezaun-zimmerschluessel-herz-768x380.jpg 768w, https:\/\/www.gasthof-steckholzer.at\/wp-content\/uploads\/2025\/08\/berggasthof-steckholzer-doppelzimmer-schraegezaun-zimmerschluessel-herz-800x396.jpg 800w, https:\/\/www.gasthof-steckholzer.at\/wp-content\/uploads\/2025\/08\/berggasthof-steckholzer-doppelzimmer-schraegezaun-zimmerschluessel-herz-1024x507.jpg 1024w, https:\/\/www.gasthof-steckholzer.at\/wp-content\/uploads\/2025\/08\/berggasthof-steckholzer-doppelzimmer-schraegezaun-zimmerschluessel-herz-1200x594.jpg 1200w, https:\/\/www.gasthof-steckholzer.at\/wp-content\/uploads\/2025\/08\/berggasthof-steckholzer-doppelzimmer-schraegezaun-zimmerschluessel-herz-1536x760.jpg 1536w, https:\/\/www.gasthof-steckholzer.at\/wp-content\/uploads\/2025\/08\/berggasthof-steckholzer-doppelzimmer-schraegezaun-zimmerschluessel-herz.jpg 1920w\" sizes=\"(max-width: 1920px) 100vw, 1920px\" \/><\/div><\/div><\/div><div class=\"swiper-slide\"><div class=\"fusion-carousel-item-wrapper\"><div class=\"fusion-image-wrapper hover-type-none\"><img decoding=\"async\" width=\"1920\" height=\"950\" src=\"https:\/\/www.gasthof-steckholzer.at\/wp-content\/uploads\/2025\/08\/berggasthof-steckholzer-doppelzimmer-schraegezaun-rustikal-badezimmer.jpg\" class=\"attachment-full size-full\" alt=\"berggasthof-steckholzer-doppelzimmer-schraegezaun-rustikal-badezimmer\" srcset=\"https:\/\/www.gasthof-steckholzer.at\/wp-content\/uploads\/2025\/08\/berggasthof-steckholzer-doppelzimmer-schraegezaun-rustikal-badezimmer-200x99.jpg 200w, https:\/\/www.gasthof-steckholzer.at\/wp-content\/uploads\/2025\/08\/berggasthof-steckholzer-doppelzimmer-schraegezaun-rustikal-badezimmer-300x148.jpg 300w, https:\/\/www.gasthof-steckholzer.at\/wp-content\/uploads\/2025\/08\/berggasthof-steckholzer-doppelzimmer-schraegezaun-rustikal-badezimmer-400x198.jpg 400w, https:\/\/www.gasthof-steckholzer.at\/wp-content\/uploads\/2025\/08\/berggasthof-steckholzer-doppelzimmer-schraegezaun-rustikal-badezimmer-600x297.jpg 600w, https:\/\/www.gasthof-steckholzer.at\/wp-content\/uploads\/2025\/08\/berggasthof-steckholzer-doppelzimmer-schraegezaun-rustikal-badezimmer-768x380.jpg 768w, https:\/\/www.gasthof-steckholzer.at\/wp-content\/uploads\/2025\/08\/berggasthof-steckholzer-doppelzimmer-schraegezaun-rustikal-badezimmer-800x396.jpg 800w, https:\/\/www.gasthof-steckholzer.at\/wp-content\/uploads\/2025\/08\/berggasthof-steckholzer-doppelzimmer-schraegezaun-rustikal-badezimmer-1024x507.jpg 1024w, https:\/\/www.gasthof-steckholzer.at\/wp-content\/uploads\/2025\/08\/berggasthof-steckholzer-doppelzimmer-schraegezaun-rustikal-badezimmer-1200x594.jpg 1200w, https:\/\/www.gasthof-steckholzer.at\/wp-content\/uploads\/2025\/08\/berggasthof-steckholzer-doppelzimmer-schraegezaun-rustikal-badezimmer-1536x760.jpg 1536w, https:\/\/www.gasthof-steckholzer.at\/wp-content\/uploads\/2025\/08\/berggasthof-steckholzer-doppelzimmer-schraegezaun-rustikal-badezimmer.jpg 1920w\" sizes=\"(max-width: 1920px) 100vw, 1920px\" \/><\/div><\/div><\/div><\/div><div class=\"awb-swiper-button awb-swiper-button-prev\"><i class=\"awb-icon-angle-left\" aria-hidden=\"true\"><\/i><\/div><div class=\"awb-swiper-button awb-swiper-button-next\"><i class=\"awb-icon-angle-right\" aria-hidden=\"true\"><\/i><\/div><\/div><\/div><div class=\"fusion-separator fusion-no-small-visibility fusion-full-width-sep\" style=\"align-self: center;margin-left: auto;margin-right: auto;margin-bottom:2%;width:100%;\"><\/div><div class=\"fusion-title title fusion-title-3 fusion-sep-none fusion-title-text fusion-title-size-five\" style=\"--awb-text-color:var(--awb-color2);--awb-margin-top:0%;--awb-margin-right:5%;--awb-margin-bottom:0%;--awb-margin-left:5%;--awb-margin-top-small:10px;--awb-margin-right-small:5%;--awb-margin-bottom-small:10px;--awb-margin-left-small:5%;--awb-margin-right-medium:5%;--awb-margin-left-medium:5%;--awb-font-size:48px;\"><h5 class=\"fusion-title-heading title-heading-left fusion-responsive-typography-calculated\" style=\"margin:0;letter-spacing:2px;font-size:1em;--fontSize:48;line-height:1.15;\">CAMERE DOPPIE<\/h5><\/div><div class=\"fusion-title title fusion-title-4 fusion-sep-none fusion-title-text fusion-title-size-six\" style=\"--awb-text-color:var(--awb-color7);--awb-margin-top:0%;--awb-margin-right:5%;--awb-margin-bottom:0%;--awb-margin-left:5%;--awb-margin-top-small:10px;--awb-margin-right-small:5%;--awb-margin-bottom-small:10px;--awb-margin-left-small:5%;--awb-margin-right-medium:5%;--awb-margin-left-medium:5%;--awb-font-size:30px;\"><h6 class=\"fusion-title-heading title-heading-left fusion-responsive-typography-calculated\" style=\"margin:0;letter-spacing:2px;font-size:1em;--fontSize:30;line-height:1.5;\">CON VISTA SU MONTAGNE E PRATI<\/h6><\/div><div class=\"fusion-separator fusion-no-small-visibility fusion-full-width-sep\" style=\"align-self: center;margin-left: auto;margin-right: auto;margin-bottom:2%;width:100%;\"><\/div><div class=\"fusion-text fusion-text-2\" style=\"--awb-margin-right:5%;--awb-margin-left:5%;\"><p>Foreste verde smeraldo e prati che in primavera ed estate si ricoprono di una variet\u00e0 infinita di fiori; in inverno, invece, il paesaggio si avvolge nel candore della neve. Un panorama speciale in ogni stagione, capace di scaldare il cuore. Le nostre camere doppie dispongono di pavimenti in legno e sono arredate con mobili in stile rustico, per un\u2019autentica atmosfera alpina. Tutte sono dotate di bagno e WC privati.<\/p>\n<p>A seconda della disponibilit\u00e0, le camere doppie possono essere prenotate anche come camere singole.<\/p>\n<\/div><div class=\"accordian fusion-accordian\" style=\"--awb-padding-right:5%;--awb-padding-left:5%;--awb-border-size:1px;--awb-icon-size:20px;--awb-content-font-size:18px;--awb-icon-alignment:right;--awb-hover-color:var(--awb-color2);--awb-border-color:rgba(69,92,81,0);--awb-background-color:var(--awb-color1);--awb-divider-color:var(--awb-color6);--awb-divider-hover-color:var(--awb-color7);--awb-icon-color:var(--awb-color7);--awb-title-color:var(--awb-color7);--awb-content-color:var(--awb-color2);--awb-icon-box-color:var(--awb-color6);--awb-toggle-hover-accent-color:var(--awb-color7);--awb-toggle-active-accent-color:var(--awb-color7);--awb-title-font-family:&quot;Manjari&quot;;--awb-title-font-weight:700;--awb-title-font-style:normal;--awb-title-font-size:23px;--awb-title-letter-spacing:4px;--awb-title-line-height:25px;--awb-content-font-family:&quot;Nobile&quot;;--awb-content-font-style:normal;--awb-content-font-weight:400;\"><div class=\"panel-group fusion-toggle-icon-right fusion-toggle-icon-unboxed\" id=\"accordion-782-1\"><div class=\"fusion-panel panel-default panel-4afc78322f9811413 fusion-toggle-has-divider\" style=\"--awb-title-color:var(--awb-color2);--awb-content-color:var(--awb-color2);\"><div class=\"panel-heading\"><h4 class=\"panel-title toggle\" id=\"toggle_4afc78322f9811413\"><a aria-expanded=\"false\" aria-controls=\"4afc78322f9811413\" role=\"button\" data-toggle=\"collapse\" data-parent=\"#accordion-782-1\" data-target=\"#4afc78322f9811413\" href=\"#4afc78322f9811413\"><span class=\"fusion-toggle-icon-wrapper\" aria-hidden=\"true\"><i class=\"fa-fusion-box active-icon awb-icon-minus\" aria-hidden=\"true\"><\/i><i class=\"fa-fusion-box inactive-icon awb-icon-plus\" aria-hidden=\"true\"><\/i><\/span><span class=\"fusion-toggle-heading\">CARATTERISTICHE<\/span><\/a><\/h4><\/div><div id=\"4afc78322f9811413\" class=\"panel-collapse collapse \" aria-labelledby=\"toggle_4afc78322f9811413\"><div class=\"panel-body toggle-content fusion-clearfix\">\n<p>25 m\u00b2 | 1-2 persone | vietato fumare<\/p>\n<p>balcone \u00b7 biancheria da letto \u00b7 bagno con doccia e asciugamani \u00b7 WC \u00b7 televisore \u00b7 animali domestici non ammessi \u00b7 riscaldamento \u00b7 senza moquette \u00b7 WiFi<\/p>\n<\/div><\/div><\/div><div class=\"fusion-panel panel-default panel-bafbf1650e1ee1f41 fusion-toggle-has-divider\" style=\"--awb-title-color:var(--awb-color2);--awb-content-color:var(--awb-color2);\"><div class=\"panel-heading\"><h4 class=\"panel-title toggle\" id=\"toggle_bafbf1650e1ee1f41\"><a aria-expanded=\"false\" aria-controls=\"bafbf1650e1ee1f41\" role=\"button\" data-toggle=\"collapse\" data-parent=\"#accordion-782-1\" data-target=\"#bafbf1650e1ee1f41\" href=\"#bafbf1650e1ee1f41\"><span class=\"fusion-toggle-icon-wrapper\" aria-hidden=\"true\"><i class=\"fa-fusion-box active-icon awb-icon-minus\" aria-hidden=\"true\"><\/i><i class=\"fa-fusion-box inactive-icon awb-icon-plus\" aria-hidden=\"true\"><\/i><\/span><span class=\"fusion-toggle-heading\">PREZZI<\/span><\/a><\/h4><\/div><div id=\"bafbf1650e1ee1f41\" class=\"panel-collapse collapse \" aria-labelledby=\"toggle_bafbf1650e1ee1f41\"><div class=\"panel-body toggle-content fusion-clearfix\">\n<p>PERNOTTAMENTO CON PRIMA COLAZIONE<br \/>\na partire da \u20ac 70,00 a persona \/ notte<\/p>\n<p>PERNOTTAMENTO CON MEZZA PENSIONE<br \/>\na partire da \u20ac 90,00 a persona \/ notte<\/p>\n<p>Tutti i prezzi si intendono a persona e notte, imposta di soggiorno esclusa.<br \/>\nCon riserva di modifiche ed errori di stampa.<\/p>\n<\/div><\/div><\/div><\/div><\/div><div class=\"fusion-separator fusion-full-width-sep\" style=\"align-self: center;margin-left: auto;margin-right: auto;margin-bottom:4%;width:100%;\"><\/div><div class=\"fusion-builder-row fusion-builder-row-inner fusion-row fusion-flex-align-items-flex-start fusion-flex-content-wrap\" style=\"--awb-flex-grow:0;--awb-flex-grow-medium:0;--awb-flex-grow-small:0;--awb-flex-shrink:0;--awb-flex-shrink-medium:0;--awb-flex-shrink-small:0;width:104% !important;max-width:104% !important;margin-left: calc(-4% \/ 2 );margin-right: calc(-4% \/ 2 );\"><div class=\"fusion-layout-column fusion_builder_column_inner fusion-builder-nested-column-0 fusion_builder_column_inner_1_5 1_5 fusion-flex-column\" style=\"--awb-bg-size:cover;--awb-width-large:20%;--awb-margin-top-large:0px;--awb-spacing-right-large:9.6%;--awb-margin-bottom-large:0px;--awb-spacing-left-large:9.6%;--awb-width-medium:20%;--awb-order-medium:0;--awb-spacing-right-medium:9.6%;--awb-spacing-left-medium:9.6%;--awb-width-small:100%;--awb-order-small:0;--awb-spacing-right-small:1.92%;--awb-spacing-left-small:1.92%;\"><div class=\"fusion-column-wrapper fusion-column-has-shadow fusion-flex-justify-content-flex-start fusion-content-layout-column\"><\/div><\/div><div class=\"fusion-layout-column fusion_builder_column_inner fusion-builder-nested-column-1 fusion_builder_column_inner_1_5 1_5 fusion-flex-column\" style=\"--awb-bg-size:cover;--awb-width-large:20%;--awb-margin-top-large:0px;--awb-spacing-right-large:9.6%;--awb-margin-bottom-large:0px;--awb-spacing-left-large:9.6%;--awb-width-medium:20%;--awb-order-medium:0;--awb-spacing-right-medium:9.6%;--awb-spacing-left-medium:9.6%;--awb-width-small:100%;--awb-order-small:0;--awb-spacing-right-small:1.92%;--awb-spacing-left-small:1.92%;\"><div class=\"fusion-column-wrapper fusion-column-has-shadow fusion-flex-justify-content-flex-start fusion-content-layout-column\"><\/div><\/div><div class=\"fusion-layout-column fusion_builder_column_inner fusion-builder-nested-column-2 fusion_builder_column_inner_1_5 1_5 fusion-flex-column\" style=\"--awb-bg-size:cover;--awb-width-large:20%;--awb-margin-top-large:0px;--awb-spacing-right-large:9.6%;--awb-margin-bottom-large:0px;--awb-spacing-left-large:9.6%;--awb-width-medium:20%;--awb-order-medium:0;--awb-spacing-right-medium:9.6%;--awb-spacing-left-medium:9.6%;--awb-width-small:100%;--awb-order-small:0;--awb-spacing-right-small:1.92%;--awb-spacing-left-small:1.92%;\" data-scroll-devices=\"small-visibility,medium-visibility,large-visibility\"><div class=\"fusion-column-wrapper fusion-column-has-shadow fusion-flex-justify-content-flex-start fusion-content-layout-column\"><\/div><\/div><div class=\"fusion-layout-column fusion_builder_column_inner fusion-builder-nested-column-3 fusion_builder_column_inner_1_5 1_5 fusion-flex-column fusion-no-small-visibility\" style=\"--awb-padding-right:2%;--awb-padding-left:2%;--awb-bg-size:cover;--awb-width-large:20%;--awb-margin-top-large:0px;--awb-spacing-right-large:5px;--awb-margin-bottom-large:0px;--awb-spacing-left-large:5px;--awb-width-medium:20%;--awb-order-medium:0;--awb-spacing-right-medium:5px;--awb-spacing-left-medium:5px;--awb-width-small:100%;--awb-order-small:0;--awb-spacing-right-small:1.92%;--awb-spacing-left-small:1.92%;\" data-scroll-devices=\"small-visibility,medium-visibility,large-visibility\"><div class=\"fusion-column-wrapper fusion-column-has-shadow fusion-flex-justify-content-flex-start fusion-content-layout-column\"><div style=\"text-align:right;\"><a class=\"fusion-button button-flat button-small button-default fusion-button-default button-2 fusion-button-default-span fusion-button-default-type\" style=\"--button-border-radius-top-left:0;--button-border-radius-top-right:0;--button-border-radius-bottom-right:0;--button-border-radius-bottom-left:0;\" target=\"_self\" href=\"https:\/\/www.gasthof-steckholzer.at\/it\/prenotare-una-vacanza\/\"><span class=\"fusion-button-text awb-button__text awb-button__text--default\">PRENOTA ORA<\/span><\/a><\/div><\/div><\/div><div class=\"fusion-layout-column fusion_builder_column_inner fusion-builder-nested-column-4 fusion_builder_column_inner_1_5 1_5 fusion-flex-column fusion-no-small-visibility\" style=\"--awb-padding-right:2%;--awb-padding-left:2%;--awb-bg-size:cover;--awb-width-large:20%;--awb-margin-top-large:0px;--awb-spacing-right-large:5px;--awb-margin-bottom-large:0px;--awb-spacing-left-large:5px;--awb-width-medium:20%;--awb-order-medium:0;--awb-spacing-right-medium:5px;--awb-spacing-left-medium:5px;--awb-width-small:100%;--awb-order-small:0;--awb-spacing-right-small:1.92%;--awb-spacing-left-small:1.92%;\" data-scroll-devices=\"small-visibility,medium-visibility,large-visibility\"><div class=\"fusion-column-wrapper fusion-column-has-shadow fusion-flex-justify-content-flex-start fusion-content-layout-column\"><div style=\"text-align:left;\"><a class=\"fusion-button button-flat button-small button-default fusion-button-default button-3 fusion-button-default-span fusion-button-default-type\" style=\"--button-border-radius-top-left:0;--button-border-radius-top-right:0;--button-border-radius-bottom-right:0;--button-border-radius-bottom-left:0;\" target=\"_self\" href=\"https:\/\/www.gasthof-steckholzer.at\/it\/richiesta-di-vacanza\/\"><span class=\"fusion-button-text awb-button__text awb-button__text--default\">INVIA RICHIESTA<\/span><\/a><\/div><\/div><\/div><\/div><div class=\"fusion-builder-row fusion-builder-row-inner fusion-row fusion-flex-align-items-flex-start fusion-flex-content-wrap\" style=\"--awb-flex-grow:0;--awb-flex-grow-medium:0;--awb-flex-grow-small:0;--awb-flex-shrink:0;--awb-flex-shrink-medium:0;--awb-flex-shrink-small:0;width:104% !important;max-width:104% !important;margin-left: calc(-4% \/ 2 );margin-right: calc(-4% \/ 2 );\"><div class=\"fusion-layout-column fusion_builder_column_inner fusion-builder-nested-column-5 fusion_builder_column_inner_1_1 1_1 fusion-flex-column fusion-no-medium-visibility fusion-no-large-visibility\" style=\"--awb-padding-right:2%;--awb-padding-left:2%;--awb-bg-size:cover;--awb-width-large:100%;--awb-margin-top-large:0px;--awb-spacing-right-large:5px;--awb-margin-bottom-large:0px;--awb-spacing-left-large:5px;--awb-width-medium:100%;--awb-order-medium:0;--awb-spacing-right-medium:5px;--awb-spacing-left-medium:5px;--awb-width-small:100%;--awb-order-small:0;--awb-spacing-right-small:1.92%;--awb-spacing-left-small:1.92%;\" data-scroll-devices=\"small-visibility,medium-visibility,large-visibility\"><div class=\"fusion-column-wrapper fusion-column-has-shadow fusion-flex-justify-content-flex-start fusion-content-layout-column\"><div style=\"text-align:right;\"><a class=\"fusion-button button-flat button-small button-default fusion-button-default button-4 fusion-button-default-span fusion-button-default-type fusion-no-medium-visibility fusion-no-large-visibility\" style=\"--button-border-radius-top-left:0;--button-border-radius-top-right:0;--button-border-radius-bottom-right:0;--button-border-radius-bottom-left:0;\" target=\"_self\" href=\"https:\/\/www.gasthof-steckholzer.at\/it\/richiesta-di-vacanza\/\"><span class=\"fusion-button-text awb-button__text awb-button__text--default\">INVIA RICHIESTA<\/span><\/a><\/div><\/div><\/div><div class=\"fusion-layout-column fusion_builder_column_inner fusion-builder-nested-column-6 fusion_builder_column_inner_1_1 1_1 fusion-flex-column fusion-no-medium-visibility fusion-no-large-visibility\" style=\"--awb-padding-right:2%;--awb-padding-left:2%;--awb-bg-size:cover;--awb-width-large:100%;--awb-margin-top-large:0px;--awb-spacing-right-large:5px;--awb-margin-bottom-large:0px;--awb-spacing-left-large:5px;--awb-width-medium:100%;--awb-order-medium:0;--awb-spacing-right-medium:5px;--awb-spacing-left-medium:5px;--awb-width-small:100%;--awb-order-small:0;--awb-spacing-right-small:1.92%;--awb-spacing-left-small:1.92%;\" data-scroll-devices=\"small-visibility,medium-visibility,large-visibility\"><div class=\"fusion-column-wrapper fusion-column-has-shadow fusion-flex-justify-content-flex-start fusion-content-layout-column\"><div style=\"text-align:right;\"><a class=\"fusion-button button-flat button-small button-default fusion-button-default button-5 fusion-button-default-span fusion-button-default-type fusion-no-medium-visibility fusion-no-large-visibility\" style=\"--button-border-radius-top-left:0;--button-border-radius-top-right:0;--button-border-radius-bottom-right:0;--button-border-radius-bottom-left:0;\" target=\"_self\" href=\"https:\/\/www.gasthof-steckholzer.at\/it\/prenotare-una-vacanza\/\"><span class=\"fusion-button-text awb-button__text awb-button__text--default\">PRENOTA ORA<\/span><\/a><\/div><\/div><\/div><\/div><div class=\"fusion-separator fusion-full-width-sep\" style=\"align-self: center;margin-left: auto;margin-right: auto;margin-bottom:4%;width:100%;\"><\/div><\/div><\/div><\/div><\/div><div class=\"fusion-fullwidth fullwidth-box fusion-builder-row-3 fusion-flex-container has-pattern-background has-mask-background hundred-percent-fullwidth non-hundred-percent-height-scrolling\" style=\"--awb-border-sizes-top:0%;--awb-border-radius-top-left:0px;--awb-border-radius-top-right:0px;--awb-border-radius-bottom-right:0px;--awb-border-radius-bottom-left:0px;--awb-padding-top:0%;--awb-padding-right:18%;--awb-padding-left:18%;--awb-padding-top-medium:0%;--awb-padding-right-medium:12%;--awb-padding-left-medium:12%;--awb-padding-top-small:0%;--awb-padding-right-small:3%;--awb-padding-left-small:3%;--awb-margin-top:3%;--awb-margin-bottom:3%;--awb-margin-top-medium:0%;--awb-margin-top-small:0%;--awb-background-color:#ffffff;--awb-flex-wrap:wrap;\" ><div class=\"fusion-builder-row fusion-row fusion-flex-align-items-flex-start fusion-flex-content-wrap\" style=\"width:104% !important;max-width:104% !important;margin-left: calc(-4% \/ 2 );margin-right: calc(-4% \/ 2 );\"><div class=\"fusion-layout-column fusion_builder_column fusion-builder-column-2 fusion_builder_column_1_1 1_1 fusion-flex-column\" style=\"--awb-padding-top:0%;--awb-padding-right:0%;--awb-padding-bottom:0%;--awb-padding-left:0%;--awb-padding-top-medium:0%;--awb-padding-right-medium:0%;--awb-padding-bottom-medium:0%;--awb-padding-left-medium:0%;--awb-padding-top-small:0%;--awb-padding-right-small:0%;--awb-padding-bottom-small:0%;--awb-padding-left-small:0%;--awb-bg-color:var(--awb-color4);--awb-bg-color-hover:var(--awb-color4);--awb-bg-size:cover;--awb-width-large:100%;--awb-margin-top-large:0%;--awb-spacing-right-large:1.92%;--awb-margin-bottom-large:0%;--awb-spacing-left-large:1.92%;--awb-width-medium:100%;--awb-order-medium:0;--awb-margin-top-medium:0%;--awb-spacing-right-medium:1.92%;--awb-margin-bottom-medium:0%;--awb-spacing-left-medium:1.92%;--awb-width-small:100%;--awb-order-small:0;--awb-margin-top-small:0%;--awb-spacing-right-small:1.92%;--awb-margin-bottom-small:0%;--awb-spacing-left-small:1.92%;\" data-scroll-devices=\"small-visibility,medium-visibility,large-visibility\"><div class=\"fusion-column-wrapper fusion-column-has-shadow fusion-flex-justify-content-flex-start fusion-content-layout-column\"><div class=\"fusion-image-carousel fusion-image-carousel-auto fusion-image-carousel-2\" style=\"margin-top:0%;margin-right:0%;margin-left:0%;\"><div class=\"awb-carousel awb-swiper awb-swiper-carousel awb-carousel--carousel awb-swiper-dots-position-bottom\" data-layout=\"carousel\" data-autoplay=\"no\" data-autoplayspeed=\"1000\" data-autoplaypause=\"no\" data-columns=\"1\" data-columnsmedium=\"1\" data-columnssmall=\"1\" data-itemmargin=\"0\" data-itemwidth=\"180\" data-touchscroll=\"no\" data-freemode=\"no\" data-imagesize=\"auto\" data-scrollitems=\"0\" data-centeredslides=\"no\" data-rotationangle=\"50\" data-depth=\"100\" data-speed=\"500\" data-shadow=\"no\" data-pagination=\"bullets\" style=\"--awb-columns:1;--awb-column-spacing:0px;\"><div class=\"swiper-wrapper awb-image-carousel-wrapper fusion-flex-align-items-flex-start\"><div class=\"swiper-slide\"><div class=\"fusion-carousel-item-wrapper\"><div class=\"fusion-image-wrapper hover-type-none\"><img decoding=\"async\" width=\"1920\" height=\"950\" src=\"https:\/\/www.gasthof-steckholzer.at\/wp-content\/uploads\/2025\/08\/berggasthof-steckholzer-familienzimmer-doppelbett-mit-blick-auf-balkon-und-treppenaufgang.jpg\" class=\"attachment-full size-full\" alt=\"berggasthof-steckholzer-familienzimmer-doppelbett-mit-blick-auf-balkon-und-treppenaufgang\" srcset=\"https:\/\/www.gasthof-steckholzer.at\/wp-content\/uploads\/2025\/08\/berggasthof-steckholzer-familienzimmer-doppelbett-mit-blick-auf-balkon-und-treppenaufgang-200x99.jpg 200w, https:\/\/www.gasthof-steckholzer.at\/wp-content\/uploads\/2025\/08\/berggasthof-steckholzer-familienzimmer-doppelbett-mit-blick-auf-balkon-und-treppenaufgang-300x148.jpg 300w, https:\/\/www.gasthof-steckholzer.at\/wp-content\/uploads\/2025\/08\/berggasthof-steckholzer-familienzimmer-doppelbett-mit-blick-auf-balkon-und-treppenaufgang-400x198.jpg 400w, https:\/\/www.gasthof-steckholzer.at\/wp-content\/uploads\/2025\/08\/berggasthof-steckholzer-familienzimmer-doppelbett-mit-blick-auf-balkon-und-treppenaufgang-600x297.jpg 600w, https:\/\/www.gasthof-steckholzer.at\/wp-content\/uploads\/2025\/08\/berggasthof-steckholzer-familienzimmer-doppelbett-mit-blick-auf-balkon-und-treppenaufgang-768x380.jpg 768w, https:\/\/www.gasthof-steckholzer.at\/wp-content\/uploads\/2025\/08\/berggasthof-steckholzer-familienzimmer-doppelbett-mit-blick-auf-balkon-und-treppenaufgang-800x396.jpg 800w, https:\/\/www.gasthof-steckholzer.at\/wp-content\/uploads\/2025\/08\/berggasthof-steckholzer-familienzimmer-doppelbett-mit-blick-auf-balkon-und-treppenaufgang-1024x507.jpg 1024w, https:\/\/www.gasthof-steckholzer.at\/wp-content\/uploads\/2025\/08\/berggasthof-steckholzer-familienzimmer-doppelbett-mit-blick-auf-balkon-und-treppenaufgang-1200x594.jpg 1200w, https:\/\/www.gasthof-steckholzer.at\/wp-content\/uploads\/2025\/08\/berggasthof-steckholzer-familienzimmer-doppelbett-mit-blick-auf-balkon-und-treppenaufgang-1536x760.jpg 1536w, https:\/\/www.gasthof-steckholzer.at\/wp-content\/uploads\/2025\/08\/berggasthof-steckholzer-familienzimmer-doppelbett-mit-blick-auf-balkon-und-treppenaufgang.jpg 1920w\" sizes=\"(max-width: 1920px) 100vw, 1920px\" \/><\/div><\/div><\/div><div class=\"swiper-slide\"><div class=\"fusion-carousel-item-wrapper\"><div class=\"fusion-image-wrapper hover-type-none\"><img decoding=\"async\" width=\"1920\" height=\"950\" src=\"https:\/\/www.gasthof-steckholzer.at\/wp-content\/uploads\/2025\/08\/berggasthof-steckholzer-familienzimmer-blick-von-treppe-auf-doppelbett.jpg\" class=\"attachment-full size-full\" alt=\"berggasthof-steckholzer-familienzimmer-blick-von-treppe-auf-doppelbett\" srcset=\"https:\/\/www.gasthof-steckholzer.at\/wp-content\/uploads\/2025\/08\/berggasthof-steckholzer-familienzimmer-blick-von-treppe-auf-doppelbett-200x99.jpg 200w, https:\/\/www.gasthof-steckholzer.at\/wp-content\/uploads\/2025\/08\/berggasthof-steckholzer-familienzimmer-blick-von-treppe-auf-doppelbett-300x148.jpg 300w, https:\/\/www.gasthof-steckholzer.at\/wp-content\/uploads\/2025\/08\/berggasthof-steckholzer-familienzimmer-blick-von-treppe-auf-doppelbett-400x198.jpg 400w, https:\/\/www.gasthof-steckholzer.at\/wp-content\/uploads\/2025\/08\/berggasthof-steckholzer-familienzimmer-blick-von-treppe-auf-doppelbett-600x297.jpg 600w, https:\/\/www.gasthof-steckholzer.at\/wp-content\/uploads\/2025\/08\/berggasthof-steckholzer-familienzimmer-blick-von-treppe-auf-doppelbett-768x380.jpg 768w, https:\/\/www.gasthof-steckholzer.at\/wp-content\/uploads\/2025\/08\/berggasthof-steckholzer-familienzimmer-blick-von-treppe-auf-doppelbett-800x396.jpg 800w, https:\/\/www.gasthof-steckholzer.at\/wp-content\/uploads\/2025\/08\/berggasthof-steckholzer-familienzimmer-blick-von-treppe-auf-doppelbett-1024x507.jpg 1024w, https:\/\/www.gasthof-steckholzer.at\/wp-content\/uploads\/2025\/08\/berggasthof-steckholzer-familienzimmer-blick-von-treppe-auf-doppelbett-1200x594.jpg 1200w, https:\/\/www.gasthof-steckholzer.at\/wp-content\/uploads\/2025\/08\/berggasthof-steckholzer-familienzimmer-blick-von-treppe-auf-doppelbett-1536x760.jpg 1536w, https:\/\/www.gasthof-steckholzer.at\/wp-content\/uploads\/2025\/08\/berggasthof-steckholzer-familienzimmer-blick-von-treppe-auf-doppelbett.jpg 1920w\" sizes=\"(max-width: 1920px) 100vw, 1920px\" \/><\/div><\/div><\/div><div class=\"swiper-slide\"><div class=\"fusion-carousel-item-wrapper\"><div class=\"fusion-image-wrapper hover-type-none\"><img decoding=\"async\" width=\"1920\" height=\"950\" src=\"https:\/\/www.gasthof-steckholzer.at\/wp-content\/uploads\/2025\/08\/berggasthof-steckholzer-familienzimmer-doppelbett-mit-treppe.jpg\" class=\"attachment-full size-full\" alt=\"berggasthof-steckholzer-familienzimmer-doppelbett-mit-treppe\" srcset=\"https:\/\/www.gasthof-steckholzer.at\/wp-content\/uploads\/2025\/08\/berggasthof-steckholzer-familienzimmer-doppelbett-mit-treppe-200x99.jpg 200w, https:\/\/www.gasthof-steckholzer.at\/wp-content\/uploads\/2025\/08\/berggasthof-steckholzer-familienzimmer-doppelbett-mit-treppe-300x148.jpg 300w, https:\/\/www.gasthof-steckholzer.at\/wp-content\/uploads\/2025\/08\/berggasthof-steckholzer-familienzimmer-doppelbett-mit-treppe-400x198.jpg 400w, https:\/\/www.gasthof-steckholzer.at\/wp-content\/uploads\/2025\/08\/berggasthof-steckholzer-familienzimmer-doppelbett-mit-treppe-600x297.jpg 600w, https:\/\/www.gasthof-steckholzer.at\/wp-content\/uploads\/2025\/08\/berggasthof-steckholzer-familienzimmer-doppelbett-mit-treppe-768x380.jpg 768w, https:\/\/www.gasthof-steckholzer.at\/wp-content\/uploads\/2025\/08\/berggasthof-steckholzer-familienzimmer-doppelbett-mit-treppe-800x396.jpg 800w, https:\/\/www.gasthof-steckholzer.at\/wp-content\/uploads\/2025\/08\/berggasthof-steckholzer-familienzimmer-doppelbett-mit-treppe-1024x507.jpg 1024w, https:\/\/www.gasthof-steckholzer.at\/wp-content\/uploads\/2025\/08\/berggasthof-steckholzer-familienzimmer-doppelbett-mit-treppe-1200x594.jpg 1200w, https:\/\/www.gasthof-steckholzer.at\/wp-content\/uploads\/2025\/08\/berggasthof-steckholzer-familienzimmer-doppelbett-mit-treppe-1536x760.jpg 1536w, https:\/\/www.gasthof-steckholzer.at\/wp-content\/uploads\/2025\/08\/berggasthof-steckholzer-familienzimmer-doppelbett-mit-treppe.jpg 1920w\" sizes=\"(max-width: 1920px) 100vw, 1920px\" \/><\/div><\/div><\/div><div class=\"swiper-slide\"><div class=\"fusion-carousel-item-wrapper\"><div class=\"fusion-image-wrapper hover-type-none\"><img decoding=\"async\" width=\"1920\" height=\"950\" src=\"https:\/\/www.gasthof-steckholzer.at\/wp-content\/uploads\/2025\/08\/berggasthof-steckholzer-familienzimmer-detail-doppelbett.jpg\" class=\"attachment-full size-full\" alt=\"berggasthof-steckholzer-familienzimmer-detail-doppelbett\" srcset=\"https:\/\/www.gasthof-steckholzer.at\/wp-content\/uploads\/2025\/08\/berggasthof-steckholzer-familienzimmer-detail-doppelbett-200x99.jpg 200w, https:\/\/www.gasthof-steckholzer.at\/wp-content\/uploads\/2025\/08\/berggasthof-steckholzer-familienzimmer-detail-doppelbett-300x148.jpg 300w, https:\/\/www.gasthof-steckholzer.at\/wp-content\/uploads\/2025\/08\/berggasthof-steckholzer-familienzimmer-detail-doppelbett-400x198.jpg 400w, https:\/\/www.gasthof-steckholzer.at\/wp-content\/uploads\/2025\/08\/berggasthof-steckholzer-familienzimmer-detail-doppelbett-600x297.jpg 600w, https:\/\/www.gasthof-steckholzer.at\/wp-content\/uploads\/2025\/08\/berggasthof-steckholzer-familienzimmer-detail-doppelbett-768x380.jpg 768w, https:\/\/www.gasthof-steckholzer.at\/wp-content\/uploads\/2025\/08\/berggasthof-steckholzer-familienzimmer-detail-doppelbett-800x396.jpg 800w, https:\/\/www.gasthof-steckholzer.at\/wp-content\/uploads\/2025\/08\/berggasthof-steckholzer-familienzimmer-detail-doppelbett-1024x507.jpg 1024w, https:\/\/www.gasthof-steckholzer.at\/wp-content\/uploads\/2025\/08\/berggasthof-steckholzer-familienzimmer-detail-doppelbett-1200x594.jpg 1200w, https:\/\/www.gasthof-steckholzer.at\/wp-content\/uploads\/2025\/08\/berggasthof-steckholzer-familienzimmer-detail-doppelbett-1536x760.jpg 1536w, https:\/\/www.gasthof-steckholzer.at\/wp-content\/uploads\/2025\/08\/berggasthof-steckholzer-familienzimmer-detail-doppelbett.jpg 1920w\" sizes=\"(max-width: 1920px) 100vw, 1920px\" \/><\/div><\/div><\/div><div class=\"swiper-slide\"><div class=\"fusion-carousel-item-wrapper\"><div class=\"fusion-image-wrapper hover-type-none\"><img decoding=\"async\" width=\"1920\" height=\"950\" src=\"https:\/\/www.gasthof-steckholzer.at\/wp-content\/uploads\/2025\/08\/berggasthof-steckholzer-familienzimmer-doppelbett-mit-treppenaufgang.jpg\" class=\"attachment-full size-full\" alt=\"berggasthof-steckholzer-familienzimmer-doppelbett-mit-treppenaufgang\" srcset=\"https:\/\/www.gasthof-steckholzer.at\/wp-content\/uploads\/2025\/08\/berggasthof-steckholzer-familienzimmer-doppelbett-mit-treppenaufgang-200x99.jpg 200w, https:\/\/www.gasthof-steckholzer.at\/wp-content\/uploads\/2025\/08\/berggasthof-steckholzer-familienzimmer-doppelbett-mit-treppenaufgang-300x148.jpg 300w, https:\/\/www.gasthof-steckholzer.at\/wp-content\/uploads\/2025\/08\/berggasthof-steckholzer-familienzimmer-doppelbett-mit-treppenaufgang-400x198.jpg 400w, https:\/\/www.gasthof-steckholzer.at\/wp-content\/uploads\/2025\/08\/berggasthof-steckholzer-familienzimmer-doppelbett-mit-treppenaufgang-600x297.jpg 600w, https:\/\/www.gasthof-steckholzer.at\/wp-content\/uploads\/2025\/08\/berggasthof-steckholzer-familienzimmer-doppelbett-mit-treppenaufgang-768x380.jpg 768w, https:\/\/www.gasthof-steckholzer.at\/wp-content\/uploads\/2025\/08\/berggasthof-steckholzer-familienzimmer-doppelbett-mit-treppenaufgang-800x396.jpg 800w, https:\/\/www.gasthof-steckholzer.at\/wp-content\/uploads\/2025\/08\/berggasthof-steckholzer-familienzimmer-doppelbett-mit-treppenaufgang-1024x507.jpg 1024w, https:\/\/www.gasthof-steckholzer.at\/wp-content\/uploads\/2025\/08\/berggasthof-steckholzer-familienzimmer-doppelbett-mit-treppenaufgang-1200x594.jpg 1200w, https:\/\/www.gasthof-steckholzer.at\/wp-content\/uploads\/2025\/08\/berggasthof-steckholzer-familienzimmer-doppelbett-mit-treppenaufgang-1536x760.jpg 1536w, https:\/\/www.gasthof-steckholzer.at\/wp-content\/uploads\/2025\/08\/berggasthof-steckholzer-familienzimmer-doppelbett-mit-treppenaufgang.jpg 1920w\" sizes=\"(max-width: 1920px) 100vw, 1920px\" \/><\/div><\/div><\/div><div class=\"swiper-slide\"><div class=\"fusion-carousel-item-wrapper\"><div class=\"fusion-image-wrapper hover-type-none\"><img decoding=\"async\" width=\"1920\" height=\"950\" src=\"https:\/\/www.gasthof-steckholzer.at\/wp-content\/uploads\/2025\/08\/berggasthof-steckholzer-familienzimmer-einzelbetten.jpg\" class=\"attachment-full size-full\" alt=\"berggasthof-steckholzer-familienzimmer-einzelbetten\" srcset=\"https:\/\/www.gasthof-steckholzer.at\/wp-content\/uploads\/2025\/08\/berggasthof-steckholzer-familienzimmer-einzelbetten-200x99.jpg 200w, https:\/\/www.gasthof-steckholzer.at\/wp-content\/uploads\/2025\/08\/berggasthof-steckholzer-familienzimmer-einzelbetten-300x148.jpg 300w, https:\/\/www.gasthof-steckholzer.at\/wp-content\/uploads\/2025\/08\/berggasthof-steckholzer-familienzimmer-einzelbetten-400x198.jpg 400w, https:\/\/www.gasthof-steckholzer.at\/wp-content\/uploads\/2025\/08\/berggasthof-steckholzer-familienzimmer-einzelbetten-600x297.jpg 600w, https:\/\/www.gasthof-steckholzer.at\/wp-content\/uploads\/2025\/08\/berggasthof-steckholzer-familienzimmer-einzelbetten-768x380.jpg 768w, https:\/\/www.gasthof-steckholzer.at\/wp-content\/uploads\/2025\/08\/berggasthof-steckholzer-familienzimmer-einzelbetten-800x396.jpg 800w, https:\/\/www.gasthof-steckholzer.at\/wp-content\/uploads\/2025\/08\/berggasthof-steckholzer-familienzimmer-einzelbetten-1024x507.jpg 1024w, https:\/\/www.gasthof-steckholzer.at\/wp-content\/uploads\/2025\/08\/berggasthof-steckholzer-familienzimmer-einzelbetten-1200x594.jpg 1200w, https:\/\/www.gasthof-steckholzer.at\/wp-content\/uploads\/2025\/08\/berggasthof-steckholzer-familienzimmer-einzelbetten-1536x760.jpg 1536w, https:\/\/www.gasthof-steckholzer.at\/wp-content\/uploads\/2025\/08\/berggasthof-steckholzer-familienzimmer-einzelbetten.jpg 1920w\" sizes=\"(max-width: 1920px) 100vw, 1920px\" \/><\/div><\/div><\/div><div class=\"swiper-slide\"><div class=\"fusion-carousel-item-wrapper\"><div class=\"fusion-image-wrapper hover-type-none\"><img decoding=\"async\" width=\"1920\" height=\"950\" src=\"https:\/\/www.gasthof-steckholzer.at\/wp-content\/uploads\/2025\/08\/berggasthof-steckholzer-familienzimmer-kinderbetten.jpg\" class=\"attachment-full size-full\" alt=\"berggasthof-steckholzer-familienzimmer-kinderbetten\" srcset=\"https:\/\/www.gasthof-steckholzer.at\/wp-content\/uploads\/2025\/08\/berggasthof-steckholzer-familienzimmer-kinderbetten-200x99.jpg 200w, https:\/\/www.gasthof-steckholzer.at\/wp-content\/uploads\/2025\/08\/berggasthof-steckholzer-familienzimmer-kinderbetten-300x148.jpg 300w, https:\/\/www.gasthof-steckholzer.at\/wp-content\/uploads\/2025\/08\/berggasthof-steckholzer-familienzimmer-kinderbetten-400x198.jpg 400w, https:\/\/www.gasthof-steckholzer.at\/wp-content\/uploads\/2025\/08\/berggasthof-steckholzer-familienzimmer-kinderbetten-600x297.jpg 600w, https:\/\/www.gasthof-steckholzer.at\/wp-content\/uploads\/2025\/08\/berggasthof-steckholzer-familienzimmer-kinderbetten-768x380.jpg 768w, https:\/\/www.gasthof-steckholzer.at\/wp-content\/uploads\/2025\/08\/berggasthof-steckholzer-familienzimmer-kinderbetten-800x396.jpg 800w, https:\/\/www.gasthof-steckholzer.at\/wp-content\/uploads\/2025\/08\/berggasthof-steckholzer-familienzimmer-kinderbetten-1024x507.jpg 1024w, https:\/\/www.gasthof-steckholzer.at\/wp-content\/uploads\/2025\/08\/berggasthof-steckholzer-familienzimmer-kinderbetten-1200x594.jpg 1200w, https:\/\/www.gasthof-steckholzer.at\/wp-content\/uploads\/2025\/08\/berggasthof-steckholzer-familienzimmer-kinderbetten-1536x760.jpg 1536w, https:\/\/www.gasthof-steckholzer.at\/wp-content\/uploads\/2025\/08\/berggasthof-steckholzer-familienzimmer-kinderbetten.jpg 1920w\" sizes=\"(max-width: 1920px) 100vw, 1920px\" \/><\/div><\/div><\/div><div class=\"swiper-slide\"><div class=\"fusion-carousel-item-wrapper\"><div class=\"fusion-image-wrapper hover-type-none\"><img decoding=\"async\" width=\"1920\" height=\"950\" src=\"https:\/\/www.gasthof-steckholzer.at\/wp-content\/uploads\/2025\/08\/berggasthof-steckholzer-familienzimmer-lounge-mit-balkon.jpg\" class=\"attachment-full size-full\" alt=\"berggasthof-steckholzer-familienzimmer-lounge-mit-balkon\" srcset=\"https:\/\/www.gasthof-steckholzer.at\/wp-content\/uploads\/2025\/08\/berggasthof-steckholzer-familienzimmer-lounge-mit-balkon-200x99.jpg 200w, https:\/\/www.gasthof-steckholzer.at\/wp-content\/uploads\/2025\/08\/berggasthof-steckholzer-familienzimmer-lounge-mit-balkon-300x148.jpg 300w, https:\/\/www.gasthof-steckholzer.at\/wp-content\/uploads\/2025\/08\/berggasthof-steckholzer-familienzimmer-lounge-mit-balkon-400x198.jpg 400w, https:\/\/www.gasthof-steckholzer.at\/wp-content\/uploads\/2025\/08\/berggasthof-steckholzer-familienzimmer-lounge-mit-balkon-600x297.jpg 600w, https:\/\/www.gasthof-steckholzer.at\/wp-content\/uploads\/2025\/08\/berggasthof-steckholzer-familienzimmer-lounge-mit-balkon-768x380.jpg 768w, https:\/\/www.gasthof-steckholzer.at\/wp-content\/uploads\/2025\/08\/berggasthof-steckholzer-familienzimmer-lounge-mit-balkon-800x396.jpg 800w, https:\/\/www.gasthof-steckholzer.at\/wp-content\/uploads\/2025\/08\/berggasthof-steckholzer-familienzimmer-lounge-mit-balkon-1024x507.jpg 1024w, https:\/\/www.gasthof-steckholzer.at\/wp-content\/uploads\/2025\/08\/berggasthof-steckholzer-familienzimmer-lounge-mit-balkon-1200x594.jpg 1200w, https:\/\/www.gasthof-steckholzer.at\/wp-content\/uploads\/2025\/08\/berggasthof-steckholzer-familienzimmer-lounge-mit-balkon-1536x760.jpg 1536w, https:\/\/www.gasthof-steckholzer.at\/wp-content\/uploads\/2025\/08\/berggasthof-steckholzer-familienzimmer-lounge-mit-balkon.jpg 1920w\" sizes=\"(max-width: 1920px) 100vw, 1920px\" \/><\/div><\/div><\/div><div class=\"swiper-slide\"><div class=\"fusion-carousel-item-wrapper\"><div class=\"fusion-image-wrapper hover-type-none\"><img decoding=\"async\" width=\"1920\" height=\"950\" src=\"https:\/\/www.gasthof-steckholzer.at\/wp-content\/uploads\/2025\/08\/berggasthof-steckholzer-familienzimmer-kinderzimmer-einzelbetten.jpg\" class=\"attachment-full size-full\" alt=\"berggasthof-steckholzer-familienzimmer-kinderzimmer-einzelbetten\" srcset=\"https:\/\/www.gasthof-steckholzer.at\/wp-content\/uploads\/2025\/08\/berggasthof-steckholzer-familienzimmer-kinderzimmer-einzelbetten-200x99.jpg 200w, https:\/\/www.gasthof-steckholzer.at\/wp-content\/uploads\/2025\/08\/berggasthof-steckholzer-familienzimmer-kinderzimmer-einzelbetten-300x148.jpg 300w, https:\/\/www.gasthof-steckholzer.at\/wp-content\/uploads\/2025\/08\/berggasthof-steckholzer-familienzimmer-kinderzimmer-einzelbetten-400x198.jpg 400w, https:\/\/www.gasthof-steckholzer.at\/wp-content\/uploads\/2025\/08\/berggasthof-steckholzer-familienzimmer-kinderzimmer-einzelbetten-600x297.jpg 600w, https:\/\/www.gasthof-steckholzer.at\/wp-content\/uploads\/2025\/08\/berggasthof-steckholzer-familienzimmer-kinderzimmer-einzelbetten-768x380.jpg 768w, https:\/\/www.gasthof-steckholzer.at\/wp-content\/uploads\/2025\/08\/berggasthof-steckholzer-familienzimmer-kinderzimmer-einzelbetten-800x396.jpg 800w, https:\/\/www.gasthof-steckholzer.at\/wp-content\/uploads\/2025\/08\/berggasthof-steckholzer-familienzimmer-kinderzimmer-einzelbetten-1024x507.jpg 1024w, https:\/\/www.gasthof-steckholzer.at\/wp-content\/uploads\/2025\/08\/berggasthof-steckholzer-familienzimmer-kinderzimmer-einzelbetten-1200x594.jpg 1200w, https:\/\/www.gasthof-steckholzer.at\/wp-content\/uploads\/2025\/08\/berggasthof-steckholzer-familienzimmer-kinderzimmer-einzelbetten-1536x760.jpg 1536w, https:\/\/www.gasthof-steckholzer.at\/wp-content\/uploads\/2025\/08\/berggasthof-steckholzer-familienzimmer-kinderzimmer-einzelbetten.jpg 1920w\" sizes=\"(max-width: 1920px) 100vw, 1920px\" \/><\/div><\/div><\/div><div class=\"swiper-slide\"><div class=\"fusion-carousel-item-wrapper\"><div class=\"fusion-image-wrapper hover-type-none\"><img decoding=\"async\" width=\"1920\" height=\"950\" src=\"https:\/\/www.gasthof-steckholzer.at\/wp-content\/uploads\/2025\/08\/berggasthof-steckholzer-familienzimmer-mit-leseecke.jpg\" class=\"attachment-full size-full\" alt=\"berggasthof-steckholzer-familienzimmer-mit-leseecke\" srcset=\"https:\/\/www.gasthof-steckholzer.at\/wp-content\/uploads\/2025\/08\/berggasthof-steckholzer-familienzimmer-mit-leseecke-200x99.jpg 200w, https:\/\/www.gasthof-steckholzer.at\/wp-content\/uploads\/2025\/08\/berggasthof-steckholzer-familienzimmer-mit-leseecke-300x148.jpg 300w, https:\/\/www.gasthof-steckholzer.at\/wp-content\/uploads\/2025\/08\/berggasthof-steckholzer-familienzimmer-mit-leseecke-400x198.jpg 400w, https:\/\/www.gasthof-steckholzer.at\/wp-content\/uploads\/2025\/08\/berggasthof-steckholzer-familienzimmer-mit-leseecke-600x297.jpg 600w, https:\/\/www.gasthof-steckholzer.at\/wp-content\/uploads\/2025\/08\/berggasthof-steckholzer-familienzimmer-mit-leseecke-768x380.jpg 768w, https:\/\/www.gasthof-steckholzer.at\/wp-content\/uploads\/2025\/08\/berggasthof-steckholzer-familienzimmer-mit-leseecke-800x396.jpg 800w, https:\/\/www.gasthof-steckholzer.at\/wp-content\/uploads\/2025\/08\/berggasthof-steckholzer-familienzimmer-mit-leseecke-1024x507.jpg 1024w, https:\/\/www.gasthof-steckholzer.at\/wp-content\/uploads\/2025\/08\/berggasthof-steckholzer-familienzimmer-mit-leseecke-1200x594.jpg 1200w, https:\/\/www.gasthof-steckholzer.at\/wp-content\/uploads\/2025\/08\/berggasthof-steckholzer-familienzimmer-mit-leseecke-1536x760.jpg 1536w, https:\/\/www.gasthof-steckholzer.at\/wp-content\/uploads\/2025\/08\/berggasthof-steckholzer-familienzimmer-mit-leseecke.jpg 1920w\" sizes=\"(max-width: 1920px) 100vw, 1920px\" \/><\/div><\/div><\/div><div class=\"swiper-slide\"><div class=\"fusion-carousel-item-wrapper\"><div class=\"fusion-image-wrapper hover-type-none\"><img decoding=\"async\" width=\"1920\" height=\"950\" src=\"https:\/\/www.gasthof-steckholzer.at\/wp-content\/uploads\/2025\/08\/berggasthof-steckholzer-familienzimmer-wc.jpg\" class=\"attachment-full size-full\" alt=\"berggasthof-steckholzer-familienzimmer-wc\" srcset=\"https:\/\/www.gasthof-steckholzer.at\/wp-content\/uploads\/2025\/08\/berggasthof-steckholzer-familienzimmer-wc-200x99.jpg 200w, https:\/\/www.gasthof-steckholzer.at\/wp-content\/uploads\/2025\/08\/berggasthof-steckholzer-familienzimmer-wc-300x148.jpg 300w, https:\/\/www.gasthof-steckholzer.at\/wp-content\/uploads\/2025\/08\/berggasthof-steckholzer-familienzimmer-wc-400x198.jpg 400w, https:\/\/www.gasthof-steckholzer.at\/wp-content\/uploads\/2025\/08\/berggasthof-steckholzer-familienzimmer-wc-600x297.jpg 600w, https:\/\/www.gasthof-steckholzer.at\/wp-content\/uploads\/2025\/08\/berggasthof-steckholzer-familienzimmer-wc-768x380.jpg 768w, https:\/\/www.gasthof-steckholzer.at\/wp-content\/uploads\/2025\/08\/berggasthof-steckholzer-familienzimmer-wc-800x396.jpg 800w, https:\/\/www.gasthof-steckholzer.at\/wp-content\/uploads\/2025\/08\/berggasthof-steckholzer-familienzimmer-wc-1024x507.jpg 1024w, https:\/\/www.gasthof-steckholzer.at\/wp-content\/uploads\/2025\/08\/berggasthof-steckholzer-familienzimmer-wc-1200x594.jpg 1200w, https:\/\/www.gasthof-steckholzer.at\/wp-content\/uploads\/2025\/08\/berggasthof-steckholzer-familienzimmer-wc-1536x760.jpg 1536w, https:\/\/www.gasthof-steckholzer.at\/wp-content\/uploads\/2025\/08\/berggasthof-steckholzer-familienzimmer-wc.jpg 1920w\" sizes=\"(max-width: 1920px) 100vw, 1920px\" \/><\/div><\/div><\/div><div class=\"swiper-slide\"><div class=\"fusion-carousel-item-wrapper\"><div class=\"fusion-image-wrapper hover-type-none\"><img decoding=\"async\" width=\"1920\" height=\"950\" src=\"https:\/\/www.gasthof-steckholzer.at\/wp-content\/uploads\/2025\/08\/berggasthof-steckholzer-familienzimmer-badezimmer.jpg\" class=\"attachment-full size-full\" alt=\"berggasthof-steckholzer-familienzimmer-badezimmer\" srcset=\"https:\/\/www.gasthof-steckholzer.at\/wp-content\/uploads\/2025\/08\/berggasthof-steckholzer-familienzimmer-badezimmer-200x99.jpg 200w, https:\/\/www.gasthof-steckholzer.at\/wp-content\/uploads\/2025\/08\/berggasthof-steckholzer-familienzimmer-badezimmer-300x148.jpg 300w, https:\/\/www.gasthof-steckholzer.at\/wp-content\/uploads\/2025\/08\/berggasthof-steckholzer-familienzimmer-badezimmer-400x198.jpg 400w, https:\/\/www.gasthof-steckholzer.at\/wp-content\/uploads\/2025\/08\/berggasthof-steckholzer-familienzimmer-badezimmer-600x297.jpg 600w, https:\/\/www.gasthof-steckholzer.at\/wp-content\/uploads\/2025\/08\/berggasthof-steckholzer-familienzimmer-badezimmer-768x380.jpg 768w, https:\/\/www.gasthof-steckholzer.at\/wp-content\/uploads\/2025\/08\/berggasthof-steckholzer-familienzimmer-badezimmer-800x396.jpg 800w, https:\/\/www.gasthof-steckholzer.at\/wp-content\/uploads\/2025\/08\/berggasthof-steckholzer-familienzimmer-badezimmer-1024x507.jpg 1024w, https:\/\/www.gasthof-steckholzer.at\/wp-content\/uploads\/2025\/08\/berggasthof-steckholzer-familienzimmer-badezimmer-1200x594.jpg 1200w, https:\/\/www.gasthof-steckholzer.at\/wp-content\/uploads\/2025\/08\/berggasthof-steckholzer-familienzimmer-badezimmer-1536x760.jpg 1536w, https:\/\/www.gasthof-steckholzer.at\/wp-content\/uploads\/2025\/08\/berggasthof-steckholzer-familienzimmer-badezimmer.jpg 1920w\" sizes=\"(max-width: 1920px) 100vw, 1920px\" \/><\/div><\/div><\/div><\/div><div class=\"awb-swiper-button awb-swiper-button-prev\"><i class=\"awb-icon-angle-left\" aria-hidden=\"true\"><\/i><\/div><div class=\"awb-swiper-button awb-swiper-button-next\"><i class=\"awb-icon-angle-right\" aria-hidden=\"true\"><\/i><\/div><\/div><\/div><div class=\"fusion-separator fusion-no-small-visibility fusion-full-width-sep\" style=\"align-self: center;margin-left: auto;margin-right: auto;margin-bottom:2%;width:100%;\"><\/div><div class=\"fusion-title title fusion-title-5 fusion-sep-none fusion-title-text fusion-title-size-five\" style=\"--awb-text-color:var(--awb-color2);--awb-margin-top:0%;--awb-margin-right:5%;--awb-margin-bottom:0%;--awb-margin-left:5%;--awb-margin-top-small:10px;--awb-margin-right-small:5%;--awb-margin-bottom-small:10px;--awb-margin-left-small:5%;--awb-margin-right-medium:5%;--awb-margin-left-medium:5%;--awb-font-size:48px;\"><h5 class=\"fusion-title-heading title-heading-left fusion-responsive-typography-calculated\" style=\"margin:0;letter-spacing:2px;font-size:1em;--fontSize:48;line-height:1.15;\">CAMERE PER FAMIGLIE<\/h5><\/div><div class=\"fusion-title title fusion-title-6 fusion-sep-none fusion-title-text fusion-title-size-six\" style=\"--awb-text-color:var(--awb-color7);--awb-margin-top:0%;--awb-margin-right:5%;--awb-margin-bottom:0%;--awb-margin-left:5%;--awb-margin-top-small:10px;--awb-margin-right-small:5%;--awb-margin-bottom-small:10px;--awb-margin-left-small:5%;--awb-margin-right-medium:5%;--awb-margin-left-medium:5%;--awb-font-size:30px;\"><h6 class=\"fusion-title-heading title-heading-left fusion-responsive-typography-calculated\" style=\"margin:0;letter-spacing:2px;font-size:1em;--fontSize:30;line-height:1.5;\">CON VISTA SPETTACOLARE PER GLI AMANTI DELLA MONTAGNA<\/h6><\/div><div class=\"fusion-separator fusion-no-small-visibility fusion-full-width-sep\" style=\"align-self: center;margin-left: auto;margin-right: auto;margin-bottom:2%;width:100%;\"><\/div><div class=\"fusion-text fusion-text-3\" style=\"--awb-margin-right:5%;--awb-margin-left:5%;\"><p>Quando la natura fa da cornice, ogni momento in famiglia diventa ancora pi\u00f9 speciale. Le nostre camere per famiglie offrono lo spazio ideale per condividere tempo insieme, circondati dalla quiete e dalla bellezza delle montagne. Sono dotate di pavimenti in legno e arredate con mobili in stile rustico, per un\u2019accogliente atmosfera alpina.<\/p>\n<\/div><div class=\"accordian fusion-accordian\" style=\"--awb-padding-right:5%;--awb-padding-left:5%;--awb-border-size:1px;--awb-icon-size:20px;--awb-content-font-size:18px;--awb-icon-alignment:right;--awb-hover-color:var(--awb-color2);--awb-border-color:rgba(69,92,81,0);--awb-background-color:var(--awb-color1);--awb-divider-color:var(--awb-color6);--awb-divider-hover-color:var(--awb-color7);--awb-icon-color:var(--awb-color7);--awb-title-color:var(--awb-color7);--awb-content-color:var(--awb-color2);--awb-icon-box-color:var(--awb-color6);--awb-toggle-hover-accent-color:var(--awb-color7);--awb-toggle-active-accent-color:var(--awb-color7);--awb-title-font-family:&quot;Manjari&quot;;--awb-title-font-weight:700;--awb-title-font-style:normal;--awb-title-font-size:23px;--awb-title-letter-spacing:4px;--awb-title-line-height:25px;--awb-content-font-family:&quot;Nobile&quot;;--awb-content-font-style:normal;--awb-content-font-weight:400;\"><div class=\"panel-group fusion-toggle-icon-right fusion-toggle-icon-unboxed\" id=\"accordion-782-2\"><div class=\"fusion-panel panel-default panel-0fa24d1a01af9584d fusion-toggle-has-divider\" style=\"--awb-title-color:var(--awb-color2);--awb-content-color:var(--awb-color2);\"><div class=\"panel-heading\"><h4 class=\"panel-title toggle\" id=\"toggle_0fa24d1a01af9584d\"><a aria-expanded=\"false\" aria-controls=\"0fa24d1a01af9584d\" role=\"button\" data-toggle=\"collapse\" data-parent=\"#accordion-782-2\" data-target=\"#0fa24d1a01af9584d\" href=\"#0fa24d1a01af9584d\"><span class=\"fusion-toggle-icon-wrapper\" aria-hidden=\"true\"><i class=\"fa-fusion-box active-icon awb-icon-minus\" aria-hidden=\"true\"><\/i><i class=\"fa-fusion-box inactive-icon awb-icon-plus\" aria-hidden=\"true\"><\/i><\/span><span class=\"fusion-toggle-heading\">CARATTERISTICHE<\/span><\/a><\/h4><\/div><div id=\"0fa24d1a01af9584d\" class=\"panel-collapse collapse \" aria-labelledby=\"toggle_0fa24d1a01af9584d\"><div class=\"panel-body toggle-content fusion-clearfix\">\n<p>28 m\u00b2 | max 4 persone | vietato fumare<\/p>\n<p>1 camera matrimoniale \u00b7 1 camera a due letti \u00b7 bagno con doccia e asciugamani \u00b7 WC \u00b7 balcone \u00b7 bianchera da letto \u00b7 televisore \u00b7 animali domestici non ammessi \u00b7 riscaldamento \u00b7 senza moquette \u00b7 WiFi<\/p>\n<\/div><\/div><\/div><div class=\"fusion-panel panel-default panel-f96038607a9ba545e fusion-toggle-has-divider\" style=\"--awb-title-color:var(--awb-color2);--awb-content-color:var(--awb-color2);\"><div class=\"panel-heading\"><h4 class=\"panel-title toggle\" id=\"toggle_f96038607a9ba545e\"><a aria-expanded=\"false\" aria-controls=\"f96038607a9ba545e\" role=\"button\" data-toggle=\"collapse\" data-parent=\"#accordion-782-2\" data-target=\"#f96038607a9ba545e\" href=\"#f96038607a9ba545e\"><span class=\"fusion-toggle-icon-wrapper\" aria-hidden=\"true\"><i class=\"fa-fusion-box active-icon awb-icon-minus\" aria-hidden=\"true\"><\/i><i class=\"fa-fusion-box inactive-icon awb-icon-plus\" aria-hidden=\"true\"><\/i><\/span><span class=\"fusion-toggle-heading\">PREZZI<\/span><\/a><\/h4><\/div><div id=\"f96038607a9ba545e\" class=\"panel-collapse collapse \" aria-labelledby=\"toggle_f96038607a9ba545e\"><div class=\"panel-body toggle-content fusion-clearfix\">\n<p>ERNOTTAMENTO CON PRIMA COLAZIONE<br \/>\na partire da \u20ac 75,00 a persona \/ notte<\/p>\n<p>PERNOTTAMENTO CON MEZZA PENSIONE<br \/>\na partire da \u20ac 95,00 a persona \/ notte<\/p>\n<p>Tutti i prezzi si intendono a persona e notte, imposta di soggiorno esclusa.<br \/>\nCon riserva di modifiche ed errori di stampa.<\/p>\n<\/div><\/div><\/div><\/div><\/div><div class=\"fusion-separator fusion-full-width-sep\" style=\"align-self: center;margin-left: auto;margin-right: auto;margin-bottom:4%;width:100%;\"><\/div><div class=\"fusion-builder-row fusion-builder-row-inner fusion-row fusion-flex-align-items-flex-start fusion-flex-content-wrap\" style=\"--awb-flex-grow:0;--awb-flex-grow-medium:0;--awb-flex-grow-small:0;--awb-flex-shrink:0;--awb-flex-shrink-medium:0;--awb-flex-shrink-small:0;width:104% !important;max-width:104% !important;margin-left: calc(-4% \/ 2 );margin-right: calc(-4% \/ 2 );\"><div class=\"fusion-layout-column fusion_builder_column_inner fusion-builder-nested-column-7 fusion_builder_column_inner_1_5 1_5 fusion-flex-column\" style=\"--awb-bg-size:cover;--awb-width-large:20%;--awb-margin-top-large:0px;--awb-spacing-right-large:9.6%;--awb-margin-bottom-large:0px;--awb-spacing-left-large:9.6%;--awb-width-medium:20%;--awb-order-medium:0;--awb-spacing-right-medium:9.6%;--awb-spacing-left-medium:9.6%;--awb-width-small:100%;--awb-order-small:0;--awb-spacing-right-small:1.92%;--awb-spacing-left-small:1.92%;\"><div class=\"fusion-column-wrapper fusion-column-has-shadow fusion-flex-justify-content-flex-start fusion-content-layout-column\"><\/div><\/div><div class=\"fusion-layout-column fusion_builder_column_inner fusion-builder-nested-column-8 fusion_builder_column_inner_1_5 1_5 fusion-flex-column\" style=\"--awb-bg-size:cover;--awb-width-large:20%;--awb-margin-top-large:0px;--awb-spacing-right-large:9.6%;--awb-margin-bottom-large:0px;--awb-spacing-left-large:9.6%;--awb-width-medium:20%;--awb-order-medium:0;--awb-spacing-right-medium:9.6%;--awb-spacing-left-medium:9.6%;--awb-width-small:100%;--awb-order-small:0;--awb-spacing-right-small:1.92%;--awb-spacing-left-small:1.92%;\"><div class=\"fusion-column-wrapper fusion-column-has-shadow fusion-flex-justify-content-flex-start fusion-content-layout-column\"><\/div><\/div><div class=\"fusion-layout-column fusion_builder_column_inner fusion-builder-nested-column-9 fusion_builder_column_inner_1_5 1_5 fusion-flex-column\" style=\"--awb-bg-size:cover;--awb-width-large:20%;--awb-margin-top-large:0px;--awb-spacing-right-large:9.6%;--awb-margin-bottom-large:0px;--awb-spacing-left-large:9.6%;--awb-width-medium:20%;--awb-order-medium:0;--awb-spacing-right-medium:9.6%;--awb-spacing-left-medium:9.6%;--awb-width-small:100%;--awb-order-small:0;--awb-spacing-right-small:1.92%;--awb-spacing-left-small:1.92%;\" data-scroll-devices=\"small-visibility,medium-visibility,large-visibility\"><div class=\"fusion-column-wrapper fusion-column-has-shadow fusion-flex-justify-content-flex-start fusion-content-layout-column\"><\/div><\/div><div class=\"fusion-layout-column fusion_builder_column_inner fusion-builder-nested-column-10 fusion_builder_column_inner_1_5 1_5 fusion-flex-column fusion-no-small-visibility\" style=\"--awb-padding-right:2%;--awb-padding-left:2%;--awb-bg-size:cover;--awb-width-large:20%;--awb-margin-top-large:0px;--awb-spacing-right-large:5px;--awb-margin-bottom-large:0px;--awb-spacing-left-large:5px;--awb-width-medium:20%;--awb-order-medium:0;--awb-spacing-right-medium:5px;--awb-spacing-left-medium:5px;--awb-width-small:100%;--awb-order-small:0;--awb-spacing-right-small:1.92%;--awb-spacing-left-small:1.92%;\" data-scroll-devices=\"small-visibility,medium-visibility,large-visibility\"><div class=\"fusion-column-wrapper fusion-column-has-shadow fusion-flex-justify-content-flex-start fusion-content-layout-column\"><div style=\"text-align:right;\"><a class=\"fusion-button button-flat button-small button-default fusion-button-default button-6 fusion-button-default-span fusion-button-default-type\" style=\"--button-border-radius-top-left:0;--button-border-radius-top-right:0;--button-border-radius-bottom-right:0;--button-border-radius-bottom-left:0;\" target=\"_self\" href=\"https:\/\/www.gasthof-steckholzer.at\/it\/prenotare-una-vacanza\/\"><span class=\"fusion-button-text awb-button__text awb-button__text--default\">PRENOTA ORA<\/span><\/a><\/div><\/div><\/div><div class=\"fusion-layout-column fusion_builder_column_inner fusion-builder-nested-column-11 fusion_builder_column_inner_1_5 1_5 fusion-flex-column fusion-no-small-visibility\" style=\"--awb-padding-right:2%;--awb-padding-left:2%;--awb-bg-size:cover;--awb-width-large:20%;--awb-margin-top-large:0px;--awb-spacing-right-large:5px;--awb-margin-bottom-large:0px;--awb-spacing-left-large:5px;--awb-width-medium:20%;--awb-order-medium:0;--awb-spacing-right-medium:5px;--awb-spacing-left-medium:5px;--awb-width-small:100%;--awb-order-small:0;--awb-spacing-right-small:1.92%;--awb-spacing-left-small:1.92%;\" data-scroll-devices=\"small-visibility,medium-visibility,large-visibility\"><div class=\"fusion-column-wrapper fusion-column-has-shadow fusion-flex-justify-content-flex-start fusion-content-layout-column\"><div style=\"text-align:left;\"><a class=\"fusion-button button-flat button-small button-default fusion-button-default button-7 fusion-button-default-span fusion-button-default-type\" style=\"--button-border-radius-top-left:0;--button-border-radius-top-right:0;--button-border-radius-bottom-right:0;--button-border-radius-bottom-left:0;\" target=\"_self\" href=\"https:\/\/www.gasthof-steckholzer.at\/it\/richiesta-di-vacanza\/\"><span class=\"fusion-button-text awb-button__text awb-button__text--default\">INVIA RICHIESTA<\/span><\/a><\/div><\/div><\/div><\/div><div class=\"fusion-builder-row fusion-builder-row-inner fusion-row fusion-flex-align-items-flex-start fusion-flex-content-wrap\" style=\"--awb-flex-grow:0;--awb-flex-grow-medium:0;--awb-flex-grow-small:0;--awb-flex-shrink:0;--awb-flex-shrink-medium:0;--awb-flex-shrink-small:0;width:104% !important;max-width:104% !important;margin-left: calc(-4% \/ 2 );margin-right: calc(-4% \/ 2 );\"><div class=\"fusion-layout-column fusion_builder_column_inner fusion-builder-nested-column-12 fusion_builder_column_inner_1_1 1_1 fusion-flex-column fusion-no-medium-visibility fusion-no-large-visibility\" style=\"--awb-padding-right:2%;--awb-padding-left:2%;--awb-bg-size:cover;--awb-width-large:100%;--awb-margin-top-large:0px;--awb-spacing-right-large:5px;--awb-margin-bottom-large:0px;--awb-spacing-left-large:5px;--awb-width-medium:100%;--awb-order-medium:0;--awb-spacing-right-medium:5px;--awb-spacing-left-medium:5px;--awb-width-small:100%;--awb-order-small:0;--awb-spacing-right-small:1.92%;--awb-spacing-left-small:1.92%;\" data-scroll-devices=\"small-visibility,medium-visibility,large-visibility\"><div class=\"fusion-column-wrapper fusion-column-has-shadow fusion-flex-justify-content-flex-start fusion-content-layout-column\"><div style=\"text-align:right;\"><a class=\"fusion-button button-flat button-small button-default fusion-button-default button-8 fusion-button-default-span fusion-button-default-type fusion-no-medium-visibility fusion-no-large-visibility\" style=\"--button-border-radius-top-left:0;--button-border-radius-top-right:0;--button-border-radius-bottom-right:0;--button-border-radius-bottom-left:0;\" target=\"_self\" href=\"https:\/\/www.gasthof-steckholzer.at\/it\/richiesta-di-vacanza\/\"><span class=\"fusion-button-text awb-button__text awb-button__text--default\">INVIA RICHIESTA<\/span><\/a><\/div><\/div><\/div><div class=\"fusion-layout-column fusion_builder_column_inner fusion-builder-nested-column-13 fusion_builder_column_inner_1_1 1_1 fusion-flex-column fusion-no-medium-visibility fusion-no-large-visibility\" style=\"--awb-padding-right:2%;--awb-padding-left:2%;--awb-bg-size:cover;--awb-width-large:100%;--awb-margin-top-large:0px;--awb-spacing-right-large:5px;--awb-margin-bottom-large:0px;--awb-spacing-left-large:5px;--awb-width-medium:100%;--awb-order-medium:0;--awb-spacing-right-medium:5px;--awb-spacing-left-medium:5px;--awb-width-small:100%;--awb-order-small:0;--awb-spacing-right-small:1.92%;--awb-spacing-left-small:1.92%;\" data-scroll-devices=\"small-visibility,medium-visibility,large-visibility\"><div class=\"fusion-column-wrapper fusion-column-has-shadow fusion-flex-justify-content-flex-start fusion-content-layout-column\"><div style=\"text-align:right;\"><a class=\"fusion-button button-flat button-small button-default fusion-button-default button-9 fusion-button-default-span fusion-button-default-type fusion-no-medium-visibility fusion-no-large-visibility\" style=\"--button-border-radius-top-left:0;--button-border-radius-top-right:0;--button-border-radius-bottom-right:0;--button-border-radius-bottom-left:0;\" target=\"_self\" href=\"https:\/\/www.gasthof-steckholzer.at\/it\/prenotare-una-vacanza\/\"><span class=\"fusion-button-text awb-button__text awb-button__text--default\">PRENOTA ORA<\/span><\/a><\/div><\/div><\/div><\/div><div class=\"fusion-separator fusion-full-width-sep\" style=\"align-self: center;margin-left: auto;margin-right: auto;margin-bottom:4%;width:100%;\"><\/div><\/div><\/div><\/div><\/div><div id=\"informazioni-importanti\" class=\"fusion-container-anchor\"><div class=\"fusion-fullwidth fullwidth-box fusion-builder-row-4 fusion-flex-container has-pattern-background has-mask-background nonhundred-percent-fullwidth non-hundred-percent-height-scrolling\" style=\"--awb-border-radius-top-left:0px;--awb-border-radius-top-right:0px;--awb-border-radius-bottom-right:0px;--awb-border-radius-bottom-left:0px;--awb-padding-bottom:4%;--awb-padding-right-medium:8%;--awb-padding-left-medium:8%;--awb-padding-right-small:3%;--awb-padding-left-small:3%;--awb-margin-top:3%;--awb-background-color:#ffffff;--awb-flex-wrap:wrap;\" ><div class=\"fusion-builder-row fusion-row fusion-flex-align-items-flex-start fusion-flex-content-wrap\" style=\"max-width:1248px;margin-left: calc(-4% \/ 2 );margin-right: calc(-4% \/ 2 );\"><div class=\"fusion-layout-column fusion_builder_column fusion-builder-column-3 fusion_builder_column_1_1 1_1 fusion-flex-column fusion-flex-align-self-stretch\" style=\"--awb-padding-top:0%;--awb-padding-right:7%;--awb-padding-bottom:0%;--awb-padding-left:7%;--awb-padding-top-medium:0%;--awb-padding-bottom-medium:0%;--awb-padding-top-small:0%;--awb-padding-right-small:3%;--awb-padding-bottom-small:0%;--awb-padding-left-small:3%;--awb-bg-color:rgba(246,234,230,0);--awb-bg-color-hover:rgba(246,234,230,0);--awb-bg-size:cover;--awb-width-large:100%;--awb-margin-top-large:0%;--awb-spacing-right-large:1.92%;--awb-margin-bottom-large:0%;--awb-spacing-left-large:1.92%;--awb-width-medium:100%;--awb-order-medium:0;--awb-margin-top-medium:0%;--awb-spacing-right-medium:1.92%;--awb-margin-bottom-medium:0%;--awb-spacing-left-medium:1.92%;--awb-width-small:100%;--awb-order-small:0;--awb-margin-top-small:0%;--awb-spacing-right-small:1.92%;--awb-margin-bottom-small:0%;--awb-spacing-left-small:1.92%;\" data-scroll-devices=\"small-visibility,medium-visibility,large-visibility\"><div class=\"fusion-column-wrapper fusion-column-has-shadow fusion-flex-justify-content-space-evenly fusion-content-layout-column\"><div class=\"fusion-separator fusion-full-width-sep\" style=\"align-self: center;margin-left: auto;margin-right: auto;margin-bottom:5%;width:100%;\"><\/div><div class=\"fusion-title title fusion-title-7 fusion-sep-none fusion-title-center fusion-title-text fusion-title-size-five\" style=\"--awb-text-color:var(--awb-color2);--awb-margin-top:0%;--awb-margin-right:5%;--awb-margin-bottom:0%;--awb-margin-left:5%;--awb-margin-top-small:10px;--awb-margin-right-small:5%;--awb-margin-bottom-small:10px;--awb-margin-left-small:5%;--awb-margin-right-medium:5%;--awb-margin-left-medium:5%;--awb-font-size:48px;\"><h5 class=\"fusion-title-heading title-heading-center fusion-responsive-typography-calculated\" style=\"margin:0;letter-spacing:2px;font-size:1em;--fontSize:48;line-height:1.15;\">QUALCHE DOMANDA?<\/h5><\/div><div class=\"fusion-title title fusion-title-8 fusion-sep-none fusion-title-center fusion-title-text fusion-title-size-six\" style=\"--awb-text-color:var(--awb-color7);--awb-margin-top:0%;--awb-margin-right:5%;--awb-margin-bottom:0%;--awb-margin-left:5%;--awb-margin-top-small:10px;--awb-margin-right-small:5%;--awb-margin-bottom-small:10px;--awb-margin-left-small:5%;--awb-margin-right-medium:5%;--awb-margin-left-medium:5%;--awb-font-size:30px;\"><h6 class=\"fusion-title-heading title-heading-center fusion-responsive-typography-calculated\" style=\"margin:0;letter-spacing:2px;font-size:1em;--fontSize:30;line-height:1.5;\">ECCO TUTTE LE INFORMAZIONI<br \/>\nRELATIVE AL TUO SOGGIORNO<\/h6><\/div><div class=\"fusion-separator fusion-no-small-visibility fusion-full-width-sep\" style=\"align-self: center;margin-left: auto;margin-right: auto;margin-bottom:3%;width:100%;\"><\/div><div class=\"accordian fusion-accordian\" style=\"--awb-padding-right:5%;--awb-padding-left:5%;--awb-border-size:1px;--awb-icon-size:20px;--awb-content-font-size:18px;--awb-icon-alignment:right;--awb-hover-color:var(--awb-color2);--awb-border-color:rgba(69,92,81,0);--awb-background-color:var(--awb-color1);--awb-divider-color:var(--awb-color6);--awb-divider-hover-color:var(--awb-color7);--awb-icon-color:var(--awb-color7);--awb-title-color:var(--awb-color7);--awb-content-color:var(--awb-color2);--awb-icon-box-color:var(--awb-color6);--awb-toggle-hover-accent-color:var(--awb-color7);--awb-toggle-active-accent-color:var(--awb-color7);--awb-title-font-family:&quot;Manjari&quot;;--awb-title-font-weight:700;--awb-title-font-style:normal;--awb-title-font-size:23px;--awb-title-letter-spacing:4px;--awb-title-line-height:25px;--awb-content-font-family:&quot;Nobile&quot;;--awb-content-font-style:normal;--awb-content-font-weight:400;\"><div class=\"panel-group fusion-toggle-icon-right fusion-toggle-icon-unboxed\" id=\"accordion-782-3\"><div class=\"fusion-panel panel-default panel-6eb4ac38472dfcb8d fusion-toggle-has-divider\" style=\"--awb-title-color:var(--awb-color2);--awb-content-color:var(--awb-color2);\"><div class=\"panel-heading\"><h4 class=\"panel-title toggle\" id=\"toggle_6eb4ac38472dfcb8d\"><a aria-expanded=\"false\" aria-controls=\"6eb4ac38472dfcb8d\" role=\"button\" data-toggle=\"collapse\" data-parent=\"#accordion-782-3\" data-target=\"#6eb4ac38472dfcb8d\" href=\"#6eb4ac38472dfcb8d\"><span class=\"fusion-toggle-icon-wrapper\" aria-hidden=\"true\"><i class=\"fa-fusion-box active-icon awb-icon-minus\" aria-hidden=\"true\"><\/i><i class=\"fa-fusion-box inactive-icon awb-icon-plus\" aria-hidden=\"true\"><\/i><\/span><span class=\"fusion-toggle-heading\">CHECK-IN | CHECK-OUT<\/span><\/a><\/h4><\/div><div id=\"6eb4ac38472dfcb8d\" class=\"panel-collapse collapse \" aria-labelledby=\"toggle_6eb4ac38472dfcb8d\"><div class=\"panel-body toggle-content fusion-clearfix\">\n<p>Check-In: 14:00 \u2013 19:00<br \/>\nCheck-Out: 08:00 \u2013 10:30<\/p>\n<p>In caso di arrivo dopo le 19:00 preghiamo i gentili ospiti di avvisarci al numero telefonico: <a href=\"tel:004352795390\">0043 5279 5390<\/a>.<\/p>\n<\/div><\/div><\/div><div class=\"fusion-panel panel-default panel-af0b5ddc837943c86 fusion-toggle-has-divider\" style=\"--awb-title-color:var(--awb-color2);--awb-content-color:var(--awb-color2);\"><div class=\"panel-heading\"><h4 class=\"panel-title toggle\" id=\"toggle_af0b5ddc837943c86\"><a aria-expanded=\"false\" aria-controls=\"af0b5ddc837943c86\" role=\"button\" data-toggle=\"collapse\" data-parent=\"#accordion-782-3\" data-target=\"#af0b5ddc837943c86\" href=\"#af0b5ddc837943c86\"><span class=\"fusion-toggle-icon-wrapper\" aria-hidden=\"true\"><i class=\"fa-fusion-box active-icon awb-icon-minus\" aria-hidden=\"true\"><\/i><i class=\"fa-fusion-box inactive-icon awb-icon-plus\" aria-hidden=\"true\"><\/i><\/span><span class=\"fusion-toggle-heading\">CONDIZIONI PER LA CANCELLAZIONE<\/span><\/a><\/h4><\/div><div id=\"af0b5ddc837943c86\" class=\"panel-collapse collapse \" aria-labelledby=\"toggle_af0b5ddc837943c86\"><div class=\"panel-body toggle-content fusion-clearfix\">\n<p>\u00b7 30 giorni prima della data di arrivo: nessun addebito<br \/>\n\u00b7 Fino a 7 giorni prima della data di arrivo: 60% del prezzo totale<br \/>\n\u00b7 Fino a 0 giorni prima della data di arrivo: 90% del prezzo totale<br \/>\n\u00b7 In caso di mancato arrivo: 100% del prezzo totale<\/p>\n<\/div><\/div><\/div><div class=\"fusion-panel panel-default panel-7b6d9e8ae566c061e fusion-toggle-has-divider\" style=\"--awb-title-color:var(--awb-color2);--awb-content-color:var(--awb-color2);\"><div class=\"panel-heading\"><h4 class=\"panel-title toggle\" id=\"toggle_7b6d9e8ae566c061e\"><a aria-expanded=\"false\" aria-controls=\"7b6d9e8ae566c061e\" role=\"button\" data-toggle=\"collapse\" data-parent=\"#accordion-782-3\" data-target=\"#7b6d9e8ae566c061e\" href=\"#7b6d9e8ae566c061e\"><span class=\"fusion-toggle-icon-wrapper\" aria-hidden=\"true\"><i class=\"fa-fusion-box active-icon awb-icon-minus\" aria-hidden=\"true\"><\/i><i class=\"fa-fusion-box inactive-icon awb-icon-plus\" aria-hidden=\"true\"><\/i><\/span><span class=\"fusion-toggle-heading\">BAMBINI<\/span><\/a><\/h4><\/div><div id=\"7b6d9e8ae566c061e\" class=\"panel-collapse collapse \" aria-labelledby=\"toggle_7b6d9e8ae566c061e\"><div class=\"panel-body toggle-content fusion-clearfix\"><span style=\"text-decoration: underline;\">RIDUZIONI PER I BAMBINI:<\/span><br \/>\nda 0 a 2 anni: gratis<br \/>\nda 3 a 10 anni: &#8211; 50%<br \/>\nda 11 anni in su : &#8211; 20%<\/p>\n<p>* Le riduzioni si applicano solo se i bambini dormono nella camera con i genitori.<\/p>\n<p>Siamo lieti di accogliere anche i nostri piccoli ospiti al Berggasthof Steckholzer. Per rendere il loro soggiorno il pi\u00f9 piacevole e sicuro possibile, mettiamo a disposizione, su richiesta, un letto con sponde alte, una culla, un lettino e un seggiolone, senza alcun costo aggiuntivo.<\/p>\n<p>Naturalmente, il nostro men\u00f9 propone anche piatti appositamente pensati per i bambini.<\/p>\n<p>Nei dintorni della nostra struttura si trovano diverse attrazioni dedicate ai pi\u00f9 piccoli.<\/p>\n<p>La fattoria con tutti i suoi animali lascia sempre i bambini a bocca aperta e, in ogni stagione, c\u2019\u00e8 spazio pi\u00f9 che sufficiente per divertirsi senza sosta: d\u2019inverno con battaglie a palle di neve, la costruzione di pupazzi e discese in slittino o bob; d\u2019estate con giochi all\u2019aria aperta, raccolta di pigne, esplorazione del bosco o passeggiate a piedi scalzi. Inoltre, a disposizione dei bambini c\u2019\u00e8 anche un piccolo parco giochi con sabbiera.<\/div><\/div><\/div><div class=\"fusion-panel panel-default panel-3fd277ed6b03c57c7 fusion-toggle-has-divider\" style=\"--awb-title-color:var(--awb-color2);--awb-content-color:var(--awb-color2);\"><div class=\"panel-heading\"><h4 class=\"panel-title toggle\" id=\"toggle_3fd277ed6b03c57c7\"><a aria-expanded=\"false\" aria-controls=\"3fd277ed6b03c57c7\" role=\"button\" data-toggle=\"collapse\" data-parent=\"#accordion-782-3\" data-target=\"#3fd277ed6b03c57c7\" href=\"#3fd277ed6b03c57c7\"><span class=\"fusion-toggle-icon-wrapper\" aria-hidden=\"true\"><i class=\"fa-fusion-box active-icon awb-icon-minus\" aria-hidden=\"true\"><\/i><i class=\"fa-fusion-box inactive-icon awb-icon-plus\" aria-hidden=\"true\"><\/i><\/span><span class=\"fusion-toggle-heading\">ANIMALI DOMESTICI<\/span><\/a><\/h4><\/div><div id=\"3fd277ed6b03c57c7\" class=\"panel-collapse collapse \" aria-labelledby=\"toggle_3fd277ed6b03c57c7\"><div class=\"panel-body toggle-content fusion-clearfix\">\n<p>Gli animali domestici <span style=\"text-decoration: underline;\">NON<\/span> sono ammessi al Berggasthof Steckholzer.<\/p>\n<\/div><\/div><\/div><div class=\"fusion-panel panel-default panel-ccc4a7070f4809512 fusion-toggle-has-divider\" style=\"--awb-title-color:var(--awb-color2);--awb-content-color:var(--awb-color2);\"><div class=\"panel-heading\"><h4 class=\"panel-title toggle\" id=\"toggle_ccc4a7070f4809512\"><a aria-expanded=\"false\" aria-controls=\"ccc4a7070f4809512\" role=\"button\" data-toggle=\"collapse\" data-parent=\"#accordion-782-3\" data-target=\"#ccc4a7070f4809512\" href=\"#ccc4a7070f4809512\"><span class=\"fusion-toggle-icon-wrapper\" aria-hidden=\"true\"><i class=\"fa-fusion-box active-icon awb-icon-minus\" aria-hidden=\"true\"><\/i><i class=\"fa-fusion-box inactive-icon awb-icon-plus\" aria-hidden=\"true\"><\/i><\/span><span class=\"fusion-toggle-heading\">PASTI<\/span><\/a><\/h4><\/div><div id=\"ccc4a7070f4809512\" class=\"panel-collapse collapse \" aria-labelledby=\"toggle_ccc4a7070f4809512\"><div class=\"panel-body toggle-content fusion-clearfix\">Il Berggasthof Steckholzer \u00e8 lieto di prendersi cura anche dei vostri desideri gastronomici. Su richiesta, potete prenotare il vostro soggiorno includendo una ricca colazione alpina in stile Wipptal. Il buffet del mattino offre numerose squisitezze locali e fatte in casa, per iniziare la giornata nel modo migliore.<\/p>\n<p>Chi preferisce godersi la vacanza senza pensieri pu\u00f2 invece optare per la mezza pensione.<\/p>\n<p>La nostra accogliente locanda alpina propone una piccola ma pregiata selezione di piatti, che spazia dalle specialit\u00e0 tradizionali della regione ai sapori mediterranei, con pietanze sia a base di carne sia vegetariane.<\/p>\n<p>Nel pomeriggio \u00e8 possibile gustare una tazza di t\u00e8 o di caff\u00e8, accompagnata da una fetta di torta fatta in casa.<\/p>\n<p>In caso di intolleranze alimentari o di una dieta esclusivamente vegetariana, vi preghiamo di informarci con sufficiente anticipo.<\/p>\n<p>Sono inoltre disponibili, su richiesta, alternative senza glutine.<\/p>\n<p><span style=\"text-decoration: underline;\">ATTENZIONE:<\/span> per filosofia culinaria e scelta dei nostri prodotti, non possiamo offrire piatti vegani.<\/div><\/div><\/div><\/div><\/div><div class=\"fusion-separator fusion-full-width-sep\" style=\"align-self: center;margin-left: auto;margin-right: auto;margin-bottom:4%;width:100%;\"><\/div><\/div><\/div><\/div><\/div><\/div><\/p>\n","protected":false},"excerpt":{"rendered":"","protected":false},"author":1,"featured_media":0,"parent":0,"menu_order":0,"comment_status":"closed","ping_status":"closed","template":"100-width.php","meta":{"footnotes":""},"class_list":["post-782","page","type-page","status-publish","hentry"],"yoast_head":"<!-- This site is optimized with the Yoast SEO plugin v27.3 - https:\/\/yoast.com\/product\/yoast-seo-wordpress\/ -->\n<title>ALBERGO: LE NOSTRE CAMERE - Steckholzer<\/title>\n<meta name=\"robots\" content=\"index, follow, max-snippet:-1, max-image-preview:large, max-video-preview:-1\" \/>\n<link rel=\"canonical\" href=\"https:\/\/www.gasthof-steckholzer.at\/it\/albergo-le-nostre-camere\/\" \/>\n<meta property=\"og:locale\" content=\"it_IT\" \/>\n<meta property=\"og:type\" content=\"article\" \/>\n<meta property=\"og:title\" content=\"ALBERGO: LE NOSTRE CAMERE - Steckholzer\" \/>\n<meta property=\"og:url\" content=\"https:\/\/www.gasthof-steckholzer.at\/it\/albergo-le-nostre-camere\/\" \/>\n<meta property=\"og:site_name\" content=\"Steckholzer\" \/>\n<meta property=\"article:modified_time\" content=\"2025-12-30T11:25:17+00:00\" \/>\n<meta name=\"twitter:card\" content=\"summary_large_image\" \/>\n<meta name=\"twitter:label1\" content=\"Tempo di lettura stimato\" \/>\n\t<meta name=\"twitter:data1\" content=\"9 minuti\" \/>\n<script type=\"application\/ld+json\" class=\"yoast-schema-graph\">{\"@context\":\"https:\\\/\\\/schema.org\",\"@graph\":[{\"@type\":\"WebPage\",\"@id\":\"https:\\\/\\\/www.gasthof-steckholzer.at\\\/it\\\/albergo-le-nostre-camere\\\/\",\"url\":\"https:\\\/\\\/www.gasthof-steckholzer.at\\\/it\\\/albergo-le-nostre-camere\\\/\",\"name\":\"ALBERGO: LE NOSTRE CAMERE - Steckholzer\",\"isPartOf\":{\"@id\":\"https:\\\/\\\/www.gasthof-steckholzer.at\\\/it\\\/#website\"},\"datePublished\":\"2025-08-30T15:54:54+00:00\",\"dateModified\":\"2025-12-30T11:25:17+00:00\",\"breadcrumb\":{\"@id\":\"https:\\\/\\\/www.gasthof-steckholzer.at\\\/it\\\/albergo-le-nostre-camere\\\/#breadcrumb\"},\"inLanguage\":\"it-IT\",\"potentialAction\":[{\"@type\":\"ReadAction\",\"target\":[\"https:\\\/\\\/www.gasthof-steckholzer.at\\\/it\\\/albergo-le-nostre-camere\\\/\"]}]},{\"@type\":\"BreadcrumbList\",\"@id\":\"https:\\\/\\\/www.gasthof-steckholzer.at\\\/it\\\/albergo-le-nostre-camere\\\/#breadcrumb\",\"itemListElement\":[{\"@type\":\"ListItem\",\"position\":1,\"name\":\"Startseite\",\"item\":\"https:\\\/\\\/www.gasthof-steckholzer.at\\\/it\\\/\"},{\"@type\":\"ListItem\",\"position\":2,\"name\":\"ALBERGO: LE NOSTRE CAMERE\"}]},{\"@type\":\"WebSite\",\"@id\":\"https:\\\/\\\/www.gasthof-steckholzer.at\\\/it\\\/#website\",\"url\":\"https:\\\/\\\/www.gasthof-steckholzer.at\\\/it\\\/\",\"name\":\"Steckholzer\",\"description\":\"Der Berggasthof\",\"potentialAction\":[{\"@type\":\"SearchAction\",\"target\":{\"@type\":\"EntryPoint\",\"urlTemplate\":\"https:\\\/\\\/www.gasthof-steckholzer.at\\\/it\\\/?s={search_term_string}\"},\"query-input\":{\"@type\":\"PropertyValueSpecification\",\"valueRequired\":true,\"valueName\":\"search_term_string\"}}],\"inLanguage\":\"it-IT\"}]}<\/script>\n<!-- \/ Yoast SEO plugin. -->","yoast_head_json":{"title":"ALBERGO: LE NOSTRE CAMERE - Steckholzer","robots":{"index":"index","follow":"follow","max-snippet":"max-snippet:-1","max-image-preview":"max-image-preview:large","max-video-preview":"max-video-preview:-1"},"canonical":"https:\/\/www.gasthof-steckholzer.at\/it\/albergo-le-nostre-camere\/","og_locale":"it_IT","og_type":"article","og_title":"ALBERGO: LE NOSTRE CAMERE - Steckholzer","og_url":"https:\/\/www.gasthof-steckholzer.at\/it\/albergo-le-nostre-camere\/","og_site_name":"Steckholzer","article_modified_time":"2025-12-30T11:25:17+00:00","twitter_card":"summary_large_image","twitter_misc":{"Tempo di lettura stimato":"9 minuti"},"schema":{"@context":"https:\/\/schema.org","@graph":[{"@type":"WebPage","@id":"https:\/\/www.gasthof-steckholzer.at\/it\/albergo-le-nostre-camere\/","url":"https:\/\/www.gasthof-steckholzer.at\/it\/albergo-le-nostre-camere\/","name":"ALBERGO: LE NOSTRE CAMERE - Steckholzer","isPartOf":{"@id":"https:\/\/www.gasthof-steckholzer.at\/it\/#website"},"datePublished":"2025-08-30T15:54:54+00:00","dateModified":"2025-12-30T11:25:17+00:00","breadcrumb":{"@id":"https:\/\/www.gasthof-steckholzer.at\/it\/albergo-le-nostre-camere\/#breadcrumb"},"inLanguage":"it-IT","potentialAction":[{"@type":"ReadAction","target":["https:\/\/www.gasthof-steckholzer.at\/it\/albergo-le-nostre-camere\/"]}]},{"@type":"BreadcrumbList","@id":"https:\/\/www.gasthof-steckholzer.at\/it\/albergo-le-nostre-camere\/#breadcrumb","itemListElement":[{"@type":"ListItem","position":1,"name":"Startseite","item":"https:\/\/www.gasthof-steckholzer.at\/it\/"},{"@type":"ListItem","position":2,"name":"ALBERGO: LE NOSTRE CAMERE"}]},{"@type":"WebSite","@id":"https:\/\/www.gasthof-steckholzer.at\/it\/#website","url":"https:\/\/www.gasthof-steckholzer.at\/it\/","name":"Steckholzer","description":"Der Berggasthof","potentialAction":[{"@type":"SearchAction","target":{"@type":"EntryPoint","urlTemplate":"https:\/\/www.gasthof-steckholzer.at\/it\/?s={search_term_string}"},"query-input":{"@type":"PropertyValueSpecification","valueRequired":true,"valueName":"search_term_string"}}],"inLanguage":"it-IT"}]}},"_links":{"self":[{"href":"https:\/\/www.gasthof-steckholzer.at\/it\/wp-json\/wp\/v2\/pages\/782","targetHints":{"allow":["GET"]}}],"collection":[{"href":"https:\/\/www.gasthof-steckholzer.at\/it\/wp-json\/wp\/v2\/pages"}],"about":[{"href":"https:\/\/www.gasthof-steckholzer.at\/it\/wp-json\/wp\/v2\/types\/page"}],"author":[{"embeddable":true,"href":"https:\/\/www.gasthof-steckholzer.at\/it\/wp-json\/wp\/v2\/users\/1"}],"replies":[{"embeddable":true,"href":"https:\/\/www.gasthof-steckholzer.at\/it\/wp-json\/wp\/v2\/comments?post=782"}],"version-history":[{"count":12,"href":"https:\/\/www.gasthof-steckholzer.at\/it\/wp-json\/wp\/v2\/pages\/782\/revisions"}],"predecessor-version":[{"id":1256,"href":"https:\/\/www.gasthof-steckholzer.at\/it\/wp-json\/wp\/v2\/pages\/782\/revisions\/1256"}],"wp:attachment":[{"href":"https:\/\/www.gasthof-steckholzer.at\/it\/wp-json\/wp\/v2\/media?parent=782"}],"curies":[{"name":"wp","href":"https:\/\/api.w.org\/{rel}","templated":true}]}}